{"id":463,"date":"2020-05-01T11:26:34","date_gmt":"2020-05-01T08:26:34","guid":{"rendered":"https:\/\/2020.teseppanen.com\/home-svenska\/"},"modified":"2023-01-31T10:44:21","modified_gmt":"2023-01-31T08:44:21","slug":"vad-hindrar-dig","status":"publish","type":"page","link":"https:\/\/www.taksvarkki.fi\/kampanja2021\/sv\/vad-hindrar-dig\/","title":{"rendered":"Vad hindrar dig"},"content":{"rendered":"\t\t<div data-elementor-type=\"wp-page\" data-elementor-id=\"463\" class=\"elementor elementor-463\">\n\t\t\t\t\t\t<section class=\"elementor-section elementor-top-section elementor-element elementor-element-2da93f6 elementor-section-boxed elementor-section-height-default elementor-section-height-default\" data-id=\"2da93f6\" data-element_type=\"section\" data-e-type=\"section\">\n\t\t\t\t\t\t<div class=\"elementor-container elementor-column-gap-default\">\n\t\t\t\t\t<div class=\"elementor-column elementor-col-100 elementor-top-column elementor-element elementor-element-f8fcdf8\" data-id=\"f8fcdf8\" data-element_type=\"column\" data-e-type=\"column\">\n\t\t\t<div class=\"elementor-widget-wrap\">\n\t\t\t\t\t\t\t<\/div>\n\t\t<\/div>\n\t\t\t\t\t<\/div>\n\t\t<\/section>\n\t\t\t\t<section class=\"elementor-section elementor-top-section elementor-element elementor-element-6c3beda elementor-section-boxed elementor-section-height-default elementor-section-height-default\" data-id=\"6c3beda\" data-element_type=\"section\" data-e-type=\"section\">\n\t\t\t\t\t\t<div class=\"elementor-container elementor-column-gap-wider\">\n\t\t\t\t\t<div class=\"elementor-column elementor-col-50 elementor-top-column elementor-element elementor-element-c2784dd\" data-id=\"c2784dd\" data-element_type=\"column\" data-e-type=\"column\" data-settings=\"{&quot;background_background&quot;:&quot;classic&quot;}\">\n\t\t\t<div class=\"elementor-widget-wrap elementor-element-populated\">\n\t\t\t\t\t\t<div class=\"elementor-element elementor-element-529b3ff elementor-view-framed elementor-shape-circle elementor-widget elementor-widget-icon\" data-id=\"529b3ff\" data-element_type=\"widget\" data-e-type=\"widget\" data-widget_type=\"icon.default\">\n\t\t\t\t<div class=\"elementor-widget-container\">\n\t\t\t\t\t\t\t<div class=\"elementor-icon-wrapper\">\n\t\t\t<div class=\"elementor-icon\">\n\t\t\t<i aria-hidden=\"true\" class=\"far fa-gem\"><\/i>\t\t\t<\/div>\n\t\t<\/div>\n\t\t\t\t\t\t<\/div>\n\t\t\t\t<\/div>\n\t\t\t\t<div class=\"elementor-element elementor-element-ac9a547 elementor-widget elementor-widget-heading\" data-id=\"ac9a547\" data-element_type=\"widget\" data-e-type=\"widget\" data-widget_type=\"heading.default\">\n\t\t\t\t<div class=\"elementor-widget-container\">\n\t\t\t\t\t<h2 class=\"elementor-heading-title elementor-size-default\">3 orsaker att delta i Dagsverke<\/h2>\t\t\t\t<\/div>\n\t\t\t\t<\/div>\n\t\t\t\t<div class=\"elementor-element elementor-element-e6d4523 elementor-icon-list--layout-traditional elementor-list-item-link-full_width elementor-widget elementor-widget-icon-list\" data-id=\"e6d4523\" data-element_type=\"widget\" data-e-type=\"widget\" data-widget_type=\"icon-list.default\">\n\t\t\t\t<div class=\"elementor-widget-container\">\n\t\t\t\t\t\t\t<ul class=\"elementor-icon-list-items\">\n\t\t\t\t\t\t\t<li class=\"elementor-icon-list-item\">\n\t\t\t\t\t\t\t\t\t\t\t<span class=\"elementor-icon-list-icon\">\n\t\t\t\t\t\t\t<i aria-hidden=\"true\" class=\"fas fa-check-circle\"><\/i>\t\t\t\t\t\t<\/span>\n\t\t\t\t\t\t\t\t\t\t<span class=\"elementor-icon-list-text\">Genom Dagsverket skapar ni en f\u00f6r\u00e4ndring.<\/span>\n\t\t\t\t\t\t\t\t\t<\/li>\n\t\t\t\t\t\t\t\t<li class=\"elementor-icon-list-item\">\n\t\t\t\t\t\t\t\t\t\t\t<span class=\"elementor-icon-list-icon\">\n\t\t\t\t\t\t\t<i aria-hidden=\"true\" class=\"fas fa-check-circle\"><\/i>\t\t\t\t\t\t<\/span>\n\t\t\t\t\t\t\t\t\t\t<span class=\"elementor-icon-list-text\">I Dagsverket f\u00f6rsvarar ni ungdomarnas r\u00e4ttigheter tillsammans med andra ungdomarna.<\/span>\n\t\t\t\t\t\t\t\t\t<\/li>\n\t\t\t\t\t\t\t\t<li class=\"elementor-icon-list-item\">\n\t\t\t\t\t\t\t\t\t\t\t<span class=\"elementor-icon-list-icon\">\n\t\t\t\t\t\t\t<i aria-hidden=\"true\" class=\"fas fa-check-circle\"><\/i>\t\t\t\t\t\t<\/span>\n\t\t\t\t\t\t\t\t\t\t<span class=\"elementor-icon-list-text\">Dagsverke \u00e4r utvecklingssamarbete fr\u00e5n unga till unga.<\/span>\n\t\t\t\t\t\t\t\t\t<\/li>\n\t\t\t\t\t\t<\/ul>\n\t\t\t\t\t\t<\/div>\n\t\t\t\t<\/div>\n\t\t\t\t<div class=\"elementor-element elementor-element-69a7544 elementor-align-center elementor-widget elementor-widget-button\" data-id=\"69a7544\" data-element_type=\"widget\" data-e-type=\"widget\" data-widget_type=\"button.default\">\n\t\t\t\t<div class=\"elementor-widget-container\">\n\t\t\t\t\t\t\t\t\t<div class=\"elementor-button-wrapper\">\n\t\t\t\t\t<a class=\"elementor-button elementor-button-link elementor-size-sm\" href=\"https:\/\/www.taksvarkki.fi\/kampanja\/sv\/dagsverksinsamling\/\">\n\t\t\t\t\t\t<span class=\"elementor-button-content-wrapper\">\n\t\t\t\t\t\t\t\t\t<span class=\"elementor-button-text\">Mer information om Dagsverke<\/span>\n\t\t\t\t\t<\/span>\n\t\t\t\t\t<\/a>\n\t\t\t\t<\/div>\n\t\t\t\t\t\t\t\t<\/div>\n\t\t\t\t<\/div>\n\t\t\t\t\t<\/div>\n\t\t<\/div>\n\t\t\t\t<div class=\"elementor-column elementor-col-50 elementor-top-column elementor-element elementor-element-5248efb\" data-id=\"5248efb\" data-element_type=\"column\" data-e-type=\"column\" data-settings=\"{&quot;background_background&quot;:&quot;classic&quot;}\">\n\t\t\t<div class=\"elementor-widget-wrap elementor-element-populated\">\n\t\t\t\t\t\t<div class=\"elementor-element elementor-element-ac5e652 elementor-view-framed elementor-shape-circle elementor-widget elementor-widget-icon\" data-id=\"ac5e652\" data-element_type=\"widget\" data-e-type=\"widget\" data-widget_type=\"icon.default\">\n\t\t\t\t<div class=\"elementor-widget-container\">\n\t\t\t\t\t\t\t<div class=\"elementor-icon-wrapper\">\n\t\t\t<div class=\"elementor-icon\">\n\t\t\t<i aria-hidden=\"true\" class=\"far fa-comments\"><\/i>\t\t\t<\/div>\n\t\t<\/div>\n\t\t\t\t\t\t<\/div>\n\t\t\t\t<\/div>\n\t\t\t\t<div class=\"elementor-element elementor-element-764fb91 elementor-widget elementor-widget-heading\" data-id=\"764fb91\" data-element_type=\"widget\" data-e-type=\"widget\" data-widget_type=\"heading.default\">\n\t\t\t\t<div class=\"elementor-widget-container\">\n\t\t\t\t\t<h2 class=\"elementor-heading-title elementor-size-default\">Unga p\u00e5verkare<\/h2>\t\t\t\t<\/div>\n\t\t\t\t<\/div>\n\t\t\t\t<div class=\"elementor-element elementor-element-473d033 elementor-widget elementor-widget-text-editor\" data-id=\"473d033\" data-element_type=\"widget\" data-e-type=\"widget\" data-widget_type=\"text-editor.default\">\n\t\t\t\t<div class=\"elementor-widget-container\">\n\t\t\t\t\t\t\t\t\t<p>Ungdomsgrupper, elevk\u00e5rer och ungdomsr\u00e5d ingriper i diskriminering som personer med funktionsvariationer m\u00f6ter. Genom att verka tillsammans kan vi \u00e5stadkomma f\u00f6r\u00e4ndringar.<\/p>\t\t\t\t\t\t\t\t<\/div>\n\t\t\t\t<\/div>\n\t\t\t\t<div class=\"elementor-element elementor-element-57d65cc elementor-align-center elementor-widget elementor-widget-button\" data-id=\"57d65cc\" data-element_type=\"widget\" data-e-type=\"widget\" data-widget_type=\"button.default\">\n\t\t\t\t<div class=\"elementor-widget-container\">\n\t\t\t\t\t\t\t\t\t<div class=\"elementor-button-wrapper\">\n\t\t\t\t\t<a class=\"elementor-button elementor-button-link elementor-size-sm\" href=\"https:\/\/www.taksvarkki.fi\/kampanja\/sv\/unga-paverkare\/\">\n\t\t\t\t\t\t<span class=\"elementor-button-content-wrapper\">\n\t\t\t\t\t\t\t\t\t<span class=\"elementor-button-text\">L\u00e4s mer om unga p\u00e5verkare<\/span>\n\t\t\t\t\t<\/span>\n\t\t\t\t\t<\/a>\n\t\t\t\t<\/div>\n\t\t\t\t\t\t\t\t<\/div>\n\t\t\t\t<\/div>\n\t\t\t\t\t<\/div>\n\t\t<\/div>\n\t\t\t\t\t<\/div>\n\t\t<\/section>\n\t\t\t\t<section class=\"elementor-section elementor-top-section elementor-element elementor-element-2fefd1b elementor-section-boxed elementor-section-height-default elementor-section-height-default\" data-id=\"2fefd1b\" data-element_type=\"section\" data-e-type=\"section\">\n\t\t\t\t\t\t<div class=\"elementor-container elementor-column-gap-default\">\n\t\t\t\t\t<div class=\"elementor-column elementor-col-100 elementor-top-column elementor-element elementor-element-88b4c93\" data-id=\"88b4c93\" data-element_type=\"column\" data-e-type=\"column\" data-settings=\"{&quot;background_background&quot;:&quot;classic&quot;}\">\n\t\t\t<div class=\"elementor-widget-wrap elementor-element-populated\">\n\t\t\t\t\t\t<section class=\"elementor-section elementor-inner-section elementor-element elementor-element-6893cd9 elementor-section-boxed elementor-section-height-default elementor-section-height-default\" data-id=\"6893cd9\" data-element_type=\"section\" data-e-type=\"section\">\n\t\t\t\t\t\t<div class=\"elementor-container elementor-column-gap-default\">\n\t\t\t\t\t<div class=\"elementor-column elementor-col-33 elementor-inner-column elementor-element elementor-element-9c67ccf\" data-id=\"9c67ccf\" data-element_type=\"column\" data-e-type=\"column\">\n\t\t\t<div class=\"elementor-widget-wrap elementor-element-populated\">\n\t\t\t\t\t\t<div class=\"elementor-element elementor-element-8041f2e elementor-widget elementor-widget-image\" data-id=\"8041f2e\" data-element_type=\"widget\" data-e-type=\"widget\" data-widget_type=\"image.default\">\n\t\t\t\t<div class=\"elementor-widget-container\">\n\t\t\t\t\t\t\t\t\t\t\t\t\t\t\t<img fetchpriority=\"high\" decoding=\"async\" width=\"378\" height=\"378\" src=\"https:\/\/www.taksvarkki.fi\/kampanja2021\/wp-content\/uploads\/sites\/14\/2021\/08\/Ndenda_Malawi.jpg\" class=\"attachment-large size-large wp-image-2446\" alt=\"Nuoren kasvokuva.\" srcset=\"https:\/\/www.taksvarkki.fi\/kampanja2021\/wp-content\/uploads\/sites\/14\/2021\/08\/Ndenda_Malawi.jpg 378w, https:\/\/www.taksvarkki.fi\/kampanja2021\/wp-content\/uploads\/sites\/14\/2021\/08\/Ndenda_Malawi-300x300.jpg 300w, https:\/\/www.taksvarkki.fi\/kampanja2021\/wp-content\/uploads\/sites\/14\/2021\/08\/Ndenda_Malawi-150x150.jpg 150w\" sizes=\"(max-width: 378px) 100vw, 378px\" \/>\t\t\t\t\t\t\t\t\t\t\t\t\t\t\t<\/div>\n\t\t\t\t<\/div>\n\t\t\t\t\t<\/div>\n\t\t<\/div>\n\t\t\t\t<div class=\"elementor-column elementor-col-66 elementor-inner-column elementor-element elementor-element-ba5a774\" data-id=\"ba5a774\" data-element_type=\"column\" data-e-type=\"column\">\n\t\t\t<div class=\"elementor-widget-wrap elementor-element-populated\">\n\t\t\t\t\t\t<div class=\"elementor-element elementor-element-8a3a396 elementor-widget elementor-widget-text-editor\" data-id=\"8a3a396\" data-element_type=\"widget\" data-e-type=\"widget\" data-widget_type=\"text-editor.default\">\n\t\t\t\t<div class=\"elementor-widget-container\">\n\t\t\t\t\t\t\t\t\t<p>\u201dFunktionsvarierade unga kan vara en del av en f\u00f6r\u00e4ndring. Vi m\u00e5ste f\u00e5 f\u00f6ra fram v\u00e5ra \u00e5sikter i s\u00e5nt som ber\u00f6r oss sj\u00e4lva.\u201d<\/p><p><strong>Ndenda, 17, Malawi<\/strong><\/p>\t\t\t\t\t\t\t\t<\/div>\n\t\t\t\t<\/div>\n\t\t\t\t\t<\/div>\n\t\t<\/div>\n\t\t\t\t\t<\/div>\n\t\t<\/section>\n\t\t\t\t\t<\/div>\n\t\t<\/div>\n\t\t\t\t\t<\/div>\n\t\t<\/section>\n\t\t\t\t<section class=\"elementor-section elementor-top-section elementor-element elementor-element-0d4110c elementor-section-boxed elementor-section-height-default elementor-section-height-default\" data-id=\"0d4110c\" data-element_type=\"section\" data-e-type=\"section\">\n\t\t\t\t\t\t<div class=\"elementor-container elementor-column-gap-default\">\n\t\t\t\t\t<div class=\"elementor-column elementor-col-100 elementor-top-column elementor-element elementor-element-485c5d5\" data-id=\"485c5d5\" data-element_type=\"column\" data-e-type=\"column\" data-settings=\"{&quot;background_background&quot;:&quot;classic&quot;}\">\n\t\t\t<div class=\"elementor-widget-wrap elementor-element-populated\">\n\t\t\t\t\t\t<section class=\"elementor-section elementor-inner-section elementor-element elementor-element-24aa36c elementor-section-boxed elementor-section-height-default elementor-section-height-default\" data-id=\"24aa36c\" data-element_type=\"section\" data-e-type=\"section\">\n\t\t\t\t\t\t<div class=\"elementor-container elementor-column-gap-default\">\n\t\t\t\t\t<div class=\"elementor-column elementor-col-33 elementor-inner-column elementor-element elementor-element-b88e05a\" data-id=\"b88e05a\" data-element_type=\"column\" data-e-type=\"column\">\n\t\t\t<div class=\"elementor-widget-wrap elementor-element-populated\">\n\t\t\t\t\t\t<div class=\"elementor-element elementor-element-5988a98 elementor-widget elementor-widget-image\" data-id=\"5988a98\" data-element_type=\"widget\" data-e-type=\"widget\" data-widget_type=\"image.default\">\n\t\t\t\t<div class=\"elementor-widget-container\">\n\t\t\t\t\t\t\t\t\t\t\t\t\t\t\t<img decoding=\"async\" width=\"378\" height=\"378\" src=\"https:\/\/www.taksvarkki.fi\/kampanja2021\/wp-content\/uploads\/sites\/14\/2021\/08\/Jeff_Sambia.jpg\" class=\"attachment-large size-large wp-image-2442\" alt=\"Nuoren kasvokuva.\" srcset=\"https:\/\/www.taksvarkki.fi\/kampanja2021\/wp-content\/uploads\/sites\/14\/2021\/08\/Jeff_Sambia.jpg 378w, https:\/\/www.taksvarkki.fi\/kampanja2021\/wp-content\/uploads\/sites\/14\/2021\/08\/Jeff_Sambia-300x300.jpg 300w, https:\/\/www.taksvarkki.fi\/kampanja2021\/wp-content\/uploads\/sites\/14\/2021\/08\/Jeff_Sambia-150x150.jpg 150w\" sizes=\"(max-width: 378px) 100vw, 378px\" \/>\t\t\t\t\t\t\t\t\t\t\t\t\t\t\t<\/div>\n\t\t\t\t<\/div>\n\t\t\t\t\t<\/div>\n\t\t<\/div>\n\t\t\t\t<div class=\"elementor-column elementor-col-66 elementor-inner-column elementor-element elementor-element-ba66a8b\" data-id=\"ba66a8b\" data-element_type=\"column\" data-e-type=\"column\">\n\t\t\t<div class=\"elementor-widget-wrap elementor-element-populated\">\n\t\t\t\t\t\t<div class=\"elementor-element elementor-element-f3d2bc2 elementor-widget elementor-widget-text-editor\" data-id=\"f3d2bc2\" data-element_type=\"widget\" data-e-type=\"widget\" data-widget_type=\"text-editor.default\">\n\t\t\t\t<div class=\"elementor-widget-container\">\n\t\t\t\t\t\t\t\t\t<p>\u201dFunktionsvarierade ungdomar \u00e4r en del av l\u00f6sningen i vilket som helst samh\u00e4lleligt problem. Vi kan p\u00e5verka n\u00e4r vi k\u00e4nner oss som en del av ett samfund.\u201d<\/p>\n<p><strong>Jeff, 18, Zambia<\/strong><\/p>\t\t\t\t\t\t\t\t<\/div>\n\t\t\t\t<\/div>\n\t\t\t\t\t<\/div>\n\t\t<\/div>\n\t\t\t\t\t<\/div>\n\t\t<\/section>\n\t\t\t\t\t<\/div>\n\t\t<\/div>\n\t\t\t\t\t<\/div>\n\t\t<\/section>\n\t\t\t\t<section class=\"elementor-section elementor-top-section elementor-element elementor-element-2aa4053 elementor-section-boxed elementor-section-height-default elementor-section-height-default\" data-id=\"2aa4053\" data-element_type=\"section\" data-e-type=\"section\">\n\t\t\t\t\t\t<div class=\"elementor-container elementor-column-gap-default\">\n\t\t\t\t\t<div class=\"elementor-column elementor-col-100 elementor-top-column elementor-element elementor-element-62ea44e\" data-id=\"62ea44e\" data-element_type=\"column\" data-e-type=\"column\">\n\t\t\t<div class=\"elementor-widget-wrap elementor-element-populated\">\n\t\t\t\t\t\t<div class=\"elementor-element elementor-element-d71cfb3 elementor-widget elementor-widget-heading\" data-id=\"d71cfb3\" data-element_type=\"widget\" data-e-type=\"widget\" data-widget_type=\"heading.default\">\n\t\t\t\t<div class=\"elementor-widget-container\">\n\t\t\t\t\t<h2 class=\"elementor-heading-title elementor-size-xl\">Med Dagsverkes int\u00e4kter f\u00f6rsvaras funktionsvarierade ungdomars r\u00e4ttigheter till exempel p\u00e5 f\u00f6ljande s\u00e4tt:<\/h2>\t\t\t\t<\/div>\n\t\t\t\t<\/div>\n\t\t\t\t<section class=\"elementor-section elementor-inner-section elementor-element elementor-element-bb78501 elementor-section-boxed elementor-section-height-default elementor-section-height-default\" data-id=\"bb78501\" data-element_type=\"section\" data-e-type=\"section\">\n\t\t\t\t\t\t<div class=\"elementor-container elementor-column-gap-default\">\n\t\t\t\t\t<div class=\"elementor-column elementor-col-33 elementor-inner-column elementor-element elementor-element-ff5c332\" data-id=\"ff5c332\" data-element_type=\"column\" data-e-type=\"column\">\n\t\t\t<div class=\"elementor-widget-wrap elementor-element-populated\">\n\t\t\t\t\t\t<div class=\"elementor-element elementor-element-422a7c3 elementor-widget elementor-widget-heading\" data-id=\"422a7c3\" data-element_type=\"widget\" data-e-type=\"widget\" data-widget_type=\"heading.default\">\n\t\t\t\t<div class=\"elementor-widget-container\">\n\t\t\t\t\t<h2 class=\"elementor-heading-title elementor-size-xxl\">10 \u20ac<\/h2>\t\t\t\t<\/div>\n\t\t\t\t<\/div>\n\t\t\t\t<div class=\"elementor-element elementor-element-3c97d9b elementor-widget elementor-widget-text-editor\" data-id=\"3c97d9b\" data-element_type=\"widget\" data-e-type=\"widget\" data-widget_type=\"text-editor.default\">\n\t\t\t\t<div class=\"elementor-widget-container\">\n\t\t\t\t\t\t\t\t\t<p>Tv\u00e5 kamratutbildare kan erbjuda utbildning f\u00f6r 70 ungdomar i Zambia. Utbildnings\u00e4mnet \u00e4r j\u00e4mlikhet och icke-diskriminering av personer med funktionsvariationer.<\/p>\t\t\t\t\t\t\t\t<\/div>\n\t\t\t\t<\/div>\n\t\t\t\t\t<\/div>\n\t\t<\/div>\n\t\t\t\t<div class=\"elementor-column elementor-col-33 elementor-inner-column elementor-element elementor-element-4f1b606\" data-id=\"4f1b606\" data-element_type=\"column\" data-e-type=\"column\">\n\t\t\t<div class=\"elementor-widget-wrap elementor-element-populated\">\n\t\t\t\t\t\t<div class=\"elementor-element elementor-element-6ccf1bb elementor-widget elementor-widget-heading\" data-id=\"6ccf1bb\" data-element_type=\"widget\" data-e-type=\"widget\" data-widget_type=\"heading.default\">\n\t\t\t\t<div class=\"elementor-widget-container\">\n\t\t\t\t\t<h2 class=\"elementor-heading-title elementor-size-xxl\">80 \u20ac<\/h2>\t\t\t\t<\/div>\n\t\t\t\t<\/div>\n\t\t\t\t<div class=\"elementor-element elementor-element-f9e3c4d elementor-widget elementor-widget-text-editor\" data-id=\"f9e3c4d\" data-element_type=\"widget\" data-e-type=\"widget\" data-widget_type=\"text-editor.default\">\n\t\t\t\t<div class=\"elementor-widget-container\">\n\t\t\t\t\t\t\t\t\t<p>En cykel kan skaffas f\u00f6r ungdomsgrupp i Malawi. Tack vare cykelskjutser kan ungdomar med funktionsvariationer som \u00e4r intresserade av att p\u00e5verka delta i ungdomsgruppsm\u00f6ten.<\/p>\t\t\t\t\t\t\t\t<\/div>\n\t\t\t\t<\/div>\n\t\t\t\t\t<\/div>\n\t\t<\/div>\n\t\t\t\t<div class=\"elementor-column elementor-col-33 elementor-inner-column elementor-element elementor-element-38ce295\" data-id=\"38ce295\" data-element_type=\"column\" data-e-type=\"column\">\n\t\t\t<div class=\"elementor-widget-wrap elementor-element-populated\">\n\t\t\t\t\t\t<div class=\"elementor-element elementor-element-6ec169d elementor-widget elementor-widget-heading\" data-id=\"6ec169d\" data-element_type=\"widget\" data-e-type=\"widget\" data-widget_type=\"heading.default\">\n\t\t\t\t<div class=\"elementor-widget-container\">\n\t\t\t\t\t<h2 class=\"elementor-heading-title elementor-size-xxl\">250 \u20ac<\/h2>\t\t\t\t<\/div>\n\t\t\t\t<\/div>\n\t\t\t\t<div class=\"elementor-element elementor-element-72ddef4 elementor-widget elementor-widget-text-editor\" data-id=\"72ddef4\" data-element_type=\"widget\" data-e-type=\"widget\" data-widget_type=\"text-editor.default\">\n\t\t\t\t<div class=\"elementor-widget-container\">\n\t\t\t\t\t\t\t\t\t<p>Elevk\u00e5rsaktiva vid en nepalesisk skola kan driva kampanj f\u00f6r att fr\u00e4mja funktionsvarierades r\u00e4ttigheter i n\u00e4rliggande byar.<\/p>\t\t\t\t\t\t\t\t<\/div>\n\t\t\t\t<\/div>\n\t\t\t\t\t<\/div>\n\t\t<\/div>\n\t\t\t\t\t<\/div>\n\t\t<\/section>\n\t\t\t\t\t<\/div>\n\t\t<\/div>\n\t\t\t\t\t<\/div>\n\t\t<\/section>\n\t\t\t\t<section class=\"elementor-section elementor-top-section elementor-element elementor-element-0b546c9 elementor-section-boxed elementor-section-height-default elementor-section-height-default\" data-id=\"0b546c9\" data-element_type=\"section\" data-e-type=\"section\" data-settings=\"{&quot;background_background&quot;:&quot;gradient&quot;}\">\n\t\t\t\t\t\t<div class=\"elementor-container elementor-column-gap-default\">\n\t\t\t\t\t<div class=\"elementor-column elementor-col-100 elementor-top-column elementor-element elementor-element-9cc81d1\" data-id=\"9cc81d1\" data-element_type=\"column\" data-e-type=\"column\">\n\t\t\t<div class=\"elementor-widget-wrap elementor-element-populated\">\n\t\t\t\t\t\t<div class=\"elementor-element elementor-element-2c38777 elementor-widget elementor-widget-heading\" data-id=\"2c38777\" data-element_type=\"widget\" data-e-type=\"widget\" data-widget_type=\"heading.default\">\n\t\t\t\t<div class=\"elementor-widget-container\">\n\t\t\t\t\t<h2 class=\"elementor-heading-title elementor-size-xl\">Videomeddelanden fr\u00e5n unga p\u00e5verkare<\/h2>\t\t\t\t<\/div>\n\t\t\t\t<\/div>\n\t\t\t\t<div class=\"elementor-element elementor-element-a7e417a elementor-widget elementor-widget-html\" data-id=\"a7e417a\" data-element_type=\"widget\" data-e-type=\"widget\" data-widget_type=\"html.default\">\n\t\t\t\t<div class=\"elementor-widget-container\">\n\t\t\t\t\t<iframe width=\"860\" height=\"484\" data-cookieconsent=\"statistics, marketing\" data-src=\"https:\/\/www.youtube.com\/embed\/E70-BglNmic\" title=\"YouTube video player\" frameborder=\"0\" allow=\"accelerometer; autoplay; clipboard-write; encrypted-media; gyroscope; picture-in-picture; web-share\" allowfullscreen><\/iframe><div class=\"cookieconsent-optout-statistics cookieconsent-optout-marketing\"><\/div>\t\t\t\t<\/div>\n\t\t\t\t<\/div>\n\t\t\t\t<div class=\"elementor-element elementor-element-009b0e7 elementor-align-center elementor-widget elementor-widget-button\" data-id=\"009b0e7\" data-element_type=\"widget\" data-e-type=\"widget\" data-widget_type=\"button.default\">\n\t\t\t\t<div class=\"elementor-widget-container\">\n\t\t\t\t\t\t\t\t\t<div class=\"elementor-button-wrapper\">\n\t\t\t\t\t<a class=\"elementor-button elementor-button-link elementor-size-sm\" href=\"https:\/\/www.taksvarkki.fi\/kampanja\/sv\/videomeddelanden\/\">\n\t\t\t\t\t\t<span class=\"elementor-button-content-wrapper\">\n\t\t\t\t\t\t\t\t\t<span class=\"elementor-button-text\">Se alla videor<\/span>\n\t\t\t\t\t<\/span>\n\t\t\t\t\t<\/a>\n\t\t\t\t<\/div>\n\t\t\t\t\t\t\t\t<\/div>\n\t\t\t\t<\/div>\n\t\t\t\t\t<\/div>\n\t\t<\/div>\n\t\t\t\t\t<\/div>\n\t\t<\/section>\n\t\t\t\t<section class=\"elementor-section elementor-top-section elementor-element elementor-element-33ae5bd elementor-section-boxed elementor-section-height-default elementor-section-height-default\" data-id=\"33ae5bd\" data-element_type=\"section\" data-e-type=\"section\">\n\t\t\t\t\t\t<div class=\"elementor-container elementor-column-gap-wider\">\n\t\t\t\t\t<div class=\"elementor-column elementor-col-50 elementor-top-column elementor-element elementor-element-1a0f5fe\" data-id=\"1a0f5fe\" data-element_type=\"column\" data-e-type=\"column\" data-settings=\"{&quot;background_background&quot;:&quot;classic&quot;}\">\n\t\t\t<div class=\"elementor-widget-wrap elementor-element-populated\">\n\t\t\t\t\t\t<div class=\"elementor-element elementor-element-df298be elementor-view-framed elementor-shape-circle elementor-widget elementor-widget-icon\" data-id=\"df298be\" data-element_type=\"widget\" data-e-type=\"widget\" data-widget_type=\"icon.default\">\n\t\t\t\t<div class=\"elementor-widget-container\">\n\t\t\t\t\t\t\t<div class=\"elementor-icon-wrapper\">\n\t\t\t<div class=\"elementor-icon\">\n\t\t\t<i aria-hidden=\"true\" class=\"far fa-comments\"><\/i>\t\t\t<\/div>\n\t\t<\/div>\n\t\t\t\t\t\t<\/div>\n\t\t\t\t<\/div>\n\t\t\t\t<div class=\"elementor-element elementor-element-c9c9201 elementor-widget elementor-widget-heading\" data-id=\"c9c9201\" data-element_type=\"widget\" data-e-type=\"widget\" data-widget_type=\"heading.default\">\n\t\t\t\t<div class=\"elementor-widget-container\">\n\t\t\t\t\t<h2 class=\"elementor-heading-title elementor-size-default\">Material f\u00f6r lektioner<\/h2>\t\t\t\t<\/div>\n\t\t\t\t<\/div>\n\t\t\t\t<div class=\"elementor-element elementor-element-4899e4b elementor-widget elementor-widget-text-editor\" data-id=\"4899e4b\" data-element_type=\"widget\" data-e-type=\"widget\" data-widget_type=\"text-editor.default\">\n\t\t\t\t<div class=\"elementor-widget-container\">\n\t\t\t\t\t\t\t\t\t<p>F\u00e4rdiga lektions\u00f6vningar och ungdomarnas videoh\u00e4lsningar. Best\u00e4ll ett kostnadsfritt skolbes\u00f6k.<\/p>\t\t\t\t\t\t\t\t<\/div>\n\t\t\t\t<\/div>\n\t\t\t\t<div class=\"elementor-element elementor-element-7704ede elementor-align-center elementor-widget elementor-widget-button\" data-id=\"7704ede\" data-element_type=\"widget\" data-e-type=\"widget\" data-widget_type=\"button.default\">\n\t\t\t\t<div class=\"elementor-widget-container\">\n\t\t\t\t\t\t\t\t\t<div class=\"elementor-button-wrapper\">\n\t\t\t\t\t<a class=\"elementor-button elementor-button-link elementor-size-sm\" href=\"https:\/\/www.taksvarkki.fi\/kampanja\/sv\/material-for-lektioner\/\">\n\t\t\t\t\t\t<span class=\"elementor-button-content-wrapper\">\n\t\t\t\t\t\t\t\t\t<span class=\"elementor-button-text\">Dagsverkes skolbes\u00f6k och lektionsuppgifter<\/span>\n\t\t\t\t\t<\/span>\n\t\t\t\t\t<\/a>\n\t\t\t\t<\/div>\n\t\t\t\t\t\t\t\t<\/div>\n\t\t\t\t<\/div>\n\t\t\t\t\t<\/div>\n\t\t<\/div>\n\t\t\t\t<div class=\"elementor-column elementor-col-50 elementor-top-column elementor-element elementor-element-3e24460\" data-id=\"3e24460\" data-element_type=\"column\" data-e-type=\"column\" data-settings=\"{&quot;background_background&quot;:&quot;classic&quot;}\">\n\t\t\t<div class=\"elementor-widget-wrap elementor-element-populated\">\n\t\t\t\t\t\t<div class=\"elementor-element elementor-element-2a4762c elementor-view-framed elementor-shape-circle elementor-widget elementor-widget-icon\" data-id=\"2a4762c\" data-element_type=\"widget\" data-e-type=\"widget\" data-widget_type=\"icon.default\">\n\t\t\t\t<div class=\"elementor-widget-container\">\n\t\t\t\t\t\t\t<div class=\"elementor-icon-wrapper\">\n\t\t\t<div class=\"elementor-icon\">\n\t\t\t<i aria-hidden=\"true\" class=\"fas fa-pencil-alt\"><\/i>\t\t\t<\/div>\n\t\t<\/div>\n\t\t\t\t\t\t<\/div>\n\t\t\t\t<\/div>\n\t\t\t\t<div class=\"elementor-element elementor-element-0b75403 elementor-widget elementor-widget-heading\" data-id=\"0b75403\" data-element_type=\"widget\" data-e-type=\"widget\" data-widget_type=\"heading.default\">\n\t\t\t\t<div class=\"elementor-widget-container\">\n\t\t\t\t\t<h2 class=\"elementor-heading-title elementor-size-default\">Instruktioner f\u00f6r Dagsverke<\/h2>\t\t\t\t<\/div>\n\t\t\t\t<\/div>\n\t\t\t\t<div class=\"elementor-element elementor-element-cc8981d elementor-widget elementor-widget-text-editor\" data-id=\"cc8981d\" data-element_type=\"widget\" data-e-type=\"widget\" data-widget_type=\"text-editor.default\">\n\t\t\t\t<div class=\"elementor-widget-container\">\n\t\t\t\t\t\t\t\t\t<p>Instruktioner f\u00f6r skolan, arbetsgivaren och elevk\u00e5ren.<\/p>\t\t\t\t\t\t\t\t<\/div>\n\t\t\t\t<\/div>\n\t\t\t\t<div class=\"elementor-element elementor-element-7725c56 elementor-align-center elementor-widget elementor-widget-button\" data-id=\"7725c56\" data-element_type=\"widget\" data-e-type=\"widget\" data-widget_type=\"button.default\">\n\t\t\t\t<div class=\"elementor-widget-container\">\n\t\t\t\t\t\t\t\t\t<div class=\"elementor-button-wrapper\">\n\t\t\t\t\t<a class=\"elementor-button elementor-button-link elementor-size-sm\" href=\"https:\/\/www.taksvarkki.fi\/kampanja\/sv\/dagsverksinsamling\/instruktioner\/\">\n\t\t\t\t\t\t<span class=\"elementor-button-content-wrapper\">\n\t\t\t\t\t\t\t\t\t<span class=\"elementor-button-text\">L\u00e4s instruktioner f\u00f6r Dagsverke<\/span>\n\t\t\t\t\t<\/span>\n\t\t\t\t\t<\/a>\n\t\t\t\t<\/div>\n\t\t\t\t\t\t\t\t<\/div>\n\t\t\t\t<\/div>\n\t\t\t\t\t<\/div>\n\t\t<\/div>\n\t\t\t\t\t<\/div>\n\t\t<\/section>\n\t\t\t\t<section class=\"elementor-section elementor-top-section elementor-element elementor-element-0893fd6 elementor-section-boxed elementor-section-height-default elementor-section-height-default\" data-id=\"0893fd6\" data-element_type=\"section\" data-e-type=\"section\">\n\t\t\t\t\t\t<div class=\"elementor-container elementor-column-gap-default\">\n\t\t\t\t\t<div class=\"elementor-column elementor-col-100 elementor-top-column elementor-element elementor-element-e0b71fa\" data-id=\"e0b71fa\" data-element_type=\"column\" data-e-type=\"column\">\n\t\t\t<div class=\"elementor-widget-wrap elementor-element-populated\">\n\t\t\t\t\t\t<div class=\"elementor-element elementor-element-0b818bc elementor-widget elementor-widget-heading\" data-id=\"0b818bc\" data-element_type=\"widget\" data-e-type=\"widget\" data-widget_type=\"heading.default\">\n\t\t\t\t<div class=\"elementor-widget-container\">\n\t\t\t\t\t<h2 class=\"elementor-heading-title elementor-size-xl\">Hur ert st\u00f6d n\u00e5r fram i Dagsverke<\/h2>\t\t\t\t<\/div>\n\t\t\t\t<\/div>\n\t\t\t\t<section class=\"elementor-section elementor-inner-section elementor-element elementor-element-1a1ff3e elementor-section-boxed elementor-section-height-default elementor-section-height-default\" data-id=\"1a1ff3e\" data-element_type=\"section\" data-e-type=\"section\">\n\t\t\t\t\t\t<div class=\"elementor-container elementor-column-gap-default\">\n\t\t\t\t\t<div class=\"elementor-column elementor-col-20 elementor-inner-column elementor-element elementor-element-5680ba8\" data-id=\"5680ba8\" data-element_type=\"column\" data-e-type=\"column\">\n\t\t\t<div class=\"elementor-widget-wrap elementor-element-populated\">\n\t\t\t\t\t\t<div class=\"elementor-element elementor-element-8a6b6d8 elementor-widget elementor-widget-image\" data-id=\"8a6b6d8\" data-element_type=\"widget\" data-e-type=\"widget\" data-widget_type=\"image.default\">\n\t\t\t\t<div class=\"elementor-widget-container\">\n\t\t\t\t\t\t\t\t\t\t\t\t\t\t\t<img decoding=\"async\" width=\"300\" height=\"300\" src=\"https:\/\/www.taksvarkki.fi\/kampanja2021\/wp-content\/uploads\/sites\/14\/2020\/08\/Lahjoitus-300x300.png\" class=\"attachment-medium size-medium wp-image-998\" alt=\"Syd\u00e4n \u00e4\u00e4riviivat ja ympyr\u00e4 jossa euron merkki.\" srcset=\"https:\/\/www.taksvarkki.fi\/kampanja2021\/wp-content\/uploads\/sites\/14\/2020\/08\/Lahjoitus-300x300.png 300w, https:\/\/www.taksvarkki.fi\/kampanja2021\/wp-content\/uploads\/sites\/14\/2020\/08\/Lahjoitus-150x150.png 150w, https:\/\/www.taksvarkki.fi\/kampanja2021\/wp-content\/uploads\/sites\/14\/2020\/08\/Lahjoitus.png 446w\" sizes=\"(max-width: 300px) 100vw, 300px\" \/>\t\t\t\t\t\t\t\t\t\t\t\t\t\t\t<\/div>\n\t\t\t\t<\/div>\n\t\t\t\t<div class=\"elementor-element elementor-element-52df4f0 elementor-widget elementor-widget-text-editor\" data-id=\"52df4f0\" data-element_type=\"widget\" data-e-type=\"widget\" data-widget_type=\"text-editor.default\">\n\t\t\t\t<div class=\"elementor-widget-container\">\n\t\t\t\t\t\t\t\t\t<h3>Int\u00e4kterna fr\u00e5n Dagsverksinsamlingen<\/h3>\t\t\t\t\t\t\t\t<\/div>\n\t\t\t\t<\/div>\n\t\t\t\t<div class=\"elementor-element elementor-element-0599bfb elementor-widget elementor-widget-text-editor\" data-id=\"0599bfb\" data-element_type=\"widget\" data-e-type=\"widget\" data-widget_type=\"text-editor.default\">\n\t\t\t\t<div class=\"elementor-widget-container\">\n\t\t\t\t\t\t\t\t\t<p>Ungdomar i Finland deltar i Dagsverke och donerar en dags arbete eller ett evenemangs int\u00e4kter till Dagsverksinsamlingen.<\/p>\t\t\t\t\t\t\t\t<\/div>\n\t\t\t\t<\/div>\n\t\t\t\t\t<\/div>\n\t\t<\/div>\n\t\t\t\t<div class=\"elementor-column elementor-col-20 elementor-inner-column elementor-element elementor-element-9769278\" data-id=\"9769278\" data-element_type=\"column\" data-e-type=\"column\">\n\t\t\t<div class=\"elementor-widget-wrap elementor-element-populated\">\n\t\t\t\t\t\t<div class=\"elementor-element elementor-element-5d3ea19 elementor-view-default elementor-widget elementor-widget-icon\" data-id=\"5d3ea19\" data-element_type=\"widget\" data-e-type=\"widget\" data-widget_type=\"icon.default\">\n\t\t\t\t<div class=\"elementor-widget-container\">\n\t\t\t\t\t\t\t<div class=\"elementor-icon-wrapper\">\n\t\t\t<div class=\"elementor-icon\">\n\t\t\t<i aria-hidden=\"true\" class=\"fas fa-arrow-right\"><\/i>\t\t\t<\/div>\n\t\t<\/div>\n\t\t\t\t\t\t<\/div>\n\t\t\t\t<\/div>\n\t\t\t\t\t<\/div>\n\t\t<\/div>\n\t\t\t\t<div class=\"elementor-column elementor-col-20 elementor-inner-column elementor-element elementor-element-1392f5b\" data-id=\"1392f5b\" data-element_type=\"column\" data-e-type=\"column\">\n\t\t\t<div class=\"elementor-widget-wrap elementor-element-populated\">\n\t\t\t\t\t\t<div class=\"elementor-element elementor-element-45bcd41 elementor-widget elementor-widget-image\" data-id=\"45bcd41\" data-element_type=\"widget\" data-e-type=\"widget\" data-widget_type=\"image.default\">\n\t\t\t\t<div class=\"elementor-widget-container\">\n\t\t\t\t\t\t\t\t\t\t\t\t\t\t\t<img loading=\"lazy\" decoding=\"async\" width=\"300\" height=\"300\" src=\"https:\/\/www.taksvarkki.fi\/kampanja2021\/wp-content\/uploads\/sites\/14\/2021\/06\/Maapallo-300x300.png\" class=\"attachment-medium size-medium wp-image-1941\" alt=\"Yksinkertainen piirros maapallosta.\" srcset=\"https:\/\/www.taksvarkki.fi\/kampanja2021\/wp-content\/uploads\/sites\/14\/2021\/06\/Maapallo-300x300.png 300w, https:\/\/www.taksvarkki.fi\/kampanja2021\/wp-content\/uploads\/sites\/14\/2021\/06\/Maapallo-150x150.png 150w, https:\/\/www.taksvarkki.fi\/kampanja2021\/wp-content\/uploads\/sites\/14\/2021\/06\/Maapallo.png 547w\" sizes=\"(max-width: 300px) 100vw, 300px\" \/>\t\t\t\t\t\t\t\t\t\t\t\t\t\t\t<\/div>\n\t\t\t\t<\/div>\n\t\t\t\t<div class=\"elementor-element elementor-element-c0d8092 elementor-widget elementor-widget-text-editor\" data-id=\"c0d8092\" data-element_type=\"widget\" data-e-type=\"widget\" data-widget_type=\"text-editor.default\">\n\t\t\t\t<div class=\"elementor-widget-container\">\n\t\t\t\t\t\t\t\t\t<h3>Dagsverke rf:s lokala samarbetsorganisationerna<\/h3>\t\t\t\t\t\t\t\t<\/div>\n\t\t\t\t<\/div>\n\t\t\t\t<div class=\"elementor-element elementor-element-8e91141 elementor-widget elementor-widget-text-editor\" data-id=\"8e91141\" data-element_type=\"widget\" data-e-type=\"widget\" data-widget_type=\"text-editor.default\">\n\t\t\t\t<div class=\"elementor-widget-container\">\n\t\t\t\t\t\t\t\t\t<p>I Dagsverke rf:s och sex samarbetsorganisationernas projekten fr\u00e4mjas j\u00e4mst\u00e4lldhet.<\/p>\t\t\t\t\t\t\t\t<\/div>\n\t\t\t\t<\/div>\n\t\t\t\t\t<\/div>\n\t\t<\/div>\n\t\t\t\t<div class=\"elementor-column elementor-col-20 elementor-inner-column elementor-element elementor-element-a6589fd\" data-id=\"a6589fd\" data-element_type=\"column\" data-e-type=\"column\">\n\t\t\t<div class=\"elementor-widget-wrap elementor-element-populated\">\n\t\t\t\t\t\t<div class=\"elementor-element elementor-element-6315c09 elementor-view-default elementor-widget elementor-widget-icon\" data-id=\"6315c09\" data-element_type=\"widget\" data-e-type=\"widget\" data-widget_type=\"icon.default\">\n\t\t\t\t<div class=\"elementor-widget-container\">\n\t\t\t\t\t\t\t<div class=\"elementor-icon-wrapper\">\n\t\t\t<div class=\"elementor-icon\">\n\t\t\t<i aria-hidden=\"true\" class=\"fas fa-arrow-right\"><\/i>\t\t\t<\/div>\n\t\t<\/div>\n\t\t\t\t\t\t<\/div>\n\t\t\t\t<\/div>\n\t\t\t\t\t<\/div>\n\t\t<\/div>\n\t\t\t\t<div class=\"elementor-column elementor-col-20 elementor-inner-column elementor-element elementor-element-70c3816\" data-id=\"70c3816\" data-element_type=\"column\" data-e-type=\"column\">\n\t\t\t<div class=\"elementor-widget-wrap elementor-element-populated\">\n\t\t\t\t\t\t<div class=\"elementor-element elementor-element-b161594 elementor-widget elementor-widget-image\" data-id=\"b161594\" data-element_type=\"widget\" data-e-type=\"widget\" data-widget_type=\"image.default\">\n\t\t\t\t<div class=\"elementor-widget-container\">\n\t\t\t\t\t\t\t\t\t\t\t\t\t\t\t<img loading=\"lazy\" decoding=\"async\" width=\"300\" height=\"300\" src=\"https:\/\/www.taksvarkki.fi\/kampanja2021\/wp-content\/uploads\/sites\/14\/2020\/08\/Kurssi-300x300.png\" class=\"attachment-medium size-medium wp-image-996\" alt=\"\u00c4\u00e4riviivoin kuvatut kolme henkil\u00f6\u00e4 ja kolme puhekuplaa.\" srcset=\"https:\/\/www.taksvarkki.fi\/kampanja2021\/wp-content\/uploads\/sites\/14\/2020\/08\/Kurssi-300x300.png 300w, https:\/\/www.taksvarkki.fi\/kampanja2021\/wp-content\/uploads\/sites\/14\/2020\/08\/Kurssi-150x150.png 150w, https:\/\/www.taksvarkki.fi\/kampanja2021\/wp-content\/uploads\/sites\/14\/2020\/08\/Kurssi.png 446w\" sizes=\"(max-width: 300px) 100vw, 300px\" \/>\t\t\t\t\t\t\t\t\t\t\t\t\t\t\t<\/div>\n\t\t\t\t<\/div>\n\t\t\t\t<div class=\"elementor-element elementor-element-bca24af elementor-widget elementor-widget-text-editor\" data-id=\"bca24af\" data-element_type=\"widget\" data-e-type=\"widget\" data-widget_type=\"text-editor.default\">\n\t\t\t\t<div class=\"elementor-widget-container\">\n\t\t\t\t\t\t\t\t\t<h3>Aktiviteter och utbildning om r\u00e4ttigheter f\u00f6r personer med funktionsvariationer<\/h3>\t\t\t\t\t\t\t\t<\/div>\n\t\t\t\t<\/div>\n\t\t\t\t<div class=\"elementor-element elementor-element-90eca33 elementor-widget elementor-widget-text-editor\" data-id=\"90eca33\" data-element_type=\"widget\" data-e-type=\"widget\" data-widget_type=\"text-editor.default\">\n\t\t\t\t<div class=\"elementor-widget-container\">\n\t\t\t\t\t\t\t\t\t<p>Unga och vuxna tar upp diskriminering av personer med funktionsvariationer. Projekten fr\u00e4mjar deltagande av unga med funktionsvariationer i beslutsfattandet.<\/p>\t\t\t\t\t\t\t\t<\/div>\n\t\t\t\t<\/div>\n\t\t\t\t\t<\/div>\n\t\t<\/div>\n\t\t\t\t\t<\/div>\n\t\t<\/section>\n\t\t\t\t\t<\/div>\n\t\t<\/div>\n\t\t\t\t\t<\/div>\n\t\t<\/section>\n\t\t\t\t<section class=\"elementor-section elementor-top-section elementor-element elementor-element-b6754a5 elementor-section-boxed elementor-section-height-default elementor-section-height-default\" data-id=\"b6754a5\" data-element_type=\"section\" data-e-type=\"section\">\n\t\t\t\t\t\t<div class=\"elementor-container elementor-column-gap-default\">\n\t\t\t\t\t<div class=\"elementor-column elementor-col-100 elementor-top-column elementor-element elementor-element-352cbce\" data-id=\"352cbce\" data-element_type=\"column\" data-e-type=\"column\" data-settings=\"{&quot;background_background&quot;:&quot;classic&quot;}\">\n\t\t\t<div class=\"elementor-widget-wrap elementor-element-populated\">\n\t\t\t\t\t\t<section class=\"elementor-section elementor-inner-section elementor-element elementor-element-00dcc30 elementor-section-boxed elementor-section-height-default elementor-section-height-default\" data-id=\"00dcc30\" data-element_type=\"section\" data-e-type=\"section\">\n\t\t\t\t\t\t<div class=\"elementor-container elementor-column-gap-default\">\n\t\t\t\t\t<div class=\"elementor-column elementor-col-33 elementor-inner-column elementor-element elementor-element-461872e\" data-id=\"461872e\" data-element_type=\"column\" data-e-type=\"column\">\n\t\t\t<div class=\"elementor-widget-wrap elementor-element-populated\">\n\t\t\t\t\t\t<div class=\"elementor-element elementor-element-b6c91be elementor-widget elementor-widget-image\" data-id=\"b6c91be\" data-element_type=\"widget\" data-e-type=\"widget\" data-widget_type=\"image.default\">\n\t\t\t\t<div class=\"elementor-widget-container\">\n\t\t\t\t\t\t\t\t\t\t\t\t\t\t\t<img loading=\"lazy\" decoding=\"async\" width=\"378\" height=\"378\" src=\"https:\/\/www.taksvarkki.fi\/kampanja2021\/wp-content\/uploads\/sites\/14\/2021\/08\/Ronja_Suomi.jpg\" class=\"attachment-large size-large wp-image-2432\" alt=\"Nuoren kasvokuva.\" srcset=\"https:\/\/www.taksvarkki.fi\/kampanja2021\/wp-content\/uploads\/sites\/14\/2021\/08\/Ronja_Suomi.jpg 378w, https:\/\/www.taksvarkki.fi\/kampanja2021\/wp-content\/uploads\/sites\/14\/2021\/08\/Ronja_Suomi-300x300.jpg 300w, https:\/\/www.taksvarkki.fi\/kampanja2021\/wp-content\/uploads\/sites\/14\/2021\/08\/Ronja_Suomi-150x150.jpg 150w\" sizes=\"(max-width: 378px) 100vw, 378px\" \/>\t\t\t\t\t\t\t\t\t\t\t\t\t\t\t<\/div>\n\t\t\t\t<\/div>\n\t\t\t\t\t<\/div>\n\t\t<\/div>\n\t\t\t\t<div class=\"elementor-column elementor-col-66 elementor-inner-column elementor-element elementor-element-f05abc0\" data-id=\"f05abc0\" data-element_type=\"column\" data-e-type=\"column\">\n\t\t\t<div class=\"elementor-widget-wrap elementor-element-populated\">\n\t\t\t\t\t\t<div class=\"elementor-element elementor-element-4f8f121 elementor-widget elementor-widget-text-editor\" data-id=\"4f8f121\" data-element_type=\"widget\" data-e-type=\"widget\" data-widget_type=\"text-editor.default\">\n\t\t\t\t<div class=\"elementor-widget-container\">\n\t\t\t\t\t\t\t\t\t<p>\u201dJag tror att alla unga m\u00e4nniskor kan g\u00f6ra en verklig skillnad genom sociala medier. Med vloggar och genom att prata om vad man sj\u00e4lv tycker.<\/p><p>S\u00e5klart, om man m\u00e5ste komma n\u00e5gonstans, m\u00e5ste man ta i beaktande fr\u00e5gor om tillg\u00e4nglighet.\u201d<\/p><p><strong>Ronja, 14, Finland<\/strong><\/p>\t\t\t\t\t\t\t\t<\/div>\n\t\t\t\t<\/div>\n\t\t\t\t\t<\/div>\n\t\t<\/div>\n\t\t\t\t\t<\/div>\n\t\t<\/section>\n\t\t\t\t\t<\/div>\n\t\t<\/div>\n\t\t\t\t\t<\/div>\n\t\t<\/section>\n\t\t\t\t<section class=\"elementor-section elementor-top-section elementor-element elementor-element-e849525 elementor-section-boxed elementor-section-height-default elementor-section-height-default\" data-id=\"e849525\" data-element_type=\"section\" data-e-type=\"section\">\n\t\t\t\t\t\t<div class=\"elementor-container elementor-column-gap-default\">\n\t\t\t\t\t<div class=\"elementor-column elementor-col-100 elementor-top-column elementor-element elementor-element-a75e64b\" data-id=\"a75e64b\" data-element_type=\"column\" data-e-type=\"column\" data-settings=\"{&quot;background_background&quot;:&quot;classic&quot;}\">\n\t\t\t<div class=\"elementor-widget-wrap elementor-element-populated\">\n\t\t\t\t\t\t<section class=\"elementor-section elementor-inner-section elementor-element elementor-element-47e3e81 elementor-section-boxed elementor-section-height-default elementor-section-height-default\" data-id=\"47e3e81\" data-element_type=\"section\" data-e-type=\"section\">\n\t\t\t\t\t\t<div class=\"elementor-container elementor-column-gap-default\">\n\t\t\t\t\t<div class=\"elementor-column elementor-col-33 elementor-inner-column elementor-element elementor-element-ea313e1\" data-id=\"ea313e1\" data-element_type=\"column\" data-e-type=\"column\">\n\t\t\t<div class=\"elementor-widget-wrap elementor-element-populated\">\n\t\t\t\t\t\t<div class=\"elementor-element elementor-element-13d4697 elementor-widget elementor-widget-image\" data-id=\"13d4697\" data-element_type=\"widget\" data-e-type=\"widget\" data-widget_type=\"image.default\">\n\t\t\t\t<div class=\"elementor-widget-container\">\n\t\t\t\t\t\t\t\t\t\t\t\t\t\t\t<img loading=\"lazy\" decoding=\"async\" width=\"378\" height=\"378\" src=\"https:\/\/www.taksvarkki.fi\/kampanja2021\/wp-content\/uploads\/sites\/14\/2021\/08\/Madalo.jpg\" class=\"attachment-large size-large wp-image-2444\" alt=\"Nuoren kasvokuva.\" srcset=\"https:\/\/www.taksvarkki.fi\/kampanja2021\/wp-content\/uploads\/sites\/14\/2021\/08\/Madalo.jpg 378w, https:\/\/www.taksvarkki.fi\/kampanja2021\/wp-content\/uploads\/sites\/14\/2021\/08\/Madalo-300x300.jpg 300w, https:\/\/www.taksvarkki.fi\/kampanja2021\/wp-content\/uploads\/sites\/14\/2021\/08\/Madalo-150x150.jpg 150w\" sizes=\"(max-width: 378px) 100vw, 378px\" \/>\t\t\t\t\t\t\t\t\t\t\t\t\t\t\t<\/div>\n\t\t\t\t<\/div>\n\t\t\t\t\t<\/div>\n\t\t<\/div>\n\t\t\t\t<div class=\"elementor-column elementor-col-66 elementor-inner-column elementor-element elementor-element-e13baa3\" data-id=\"e13baa3\" data-element_type=\"column\" data-e-type=\"column\">\n\t\t\t<div class=\"elementor-widget-wrap elementor-element-populated\">\n\t\t\t\t\t\t<div class=\"elementor-element elementor-element-167ea7c elementor-widget elementor-widget-text-editor\" data-id=\"167ea7c\" data-element_type=\"widget\" data-e-type=\"widget\" data-widget_type=\"text-editor.default\">\n\t\t\t\t<div class=\"elementor-widget-container\">\n\t\t\t\t\t\t\t\t\t<p>\u201dAlla m\u00e5ste ta funktionsvarierade ungdomars synpunkter och utmaningar p\u00e5 allvar. Unga m\u00e5ste tas med i beslutsfattandet.\u201d<\/p><p><strong>Madalo, 18, Malawi<\/strong><\/p>\t\t\t\t\t\t\t\t<\/div>\n\t\t\t\t<\/div>\n\t\t\t\t\t<\/div>\n\t\t<\/div>\n\t\t\t\t\t<\/div>\n\t\t<\/section>\n\t\t\t\t\t<\/div>\n\t\t<\/div>\n\t\t\t\t\t<\/div>\n\t\t<\/section>\n\t\t\t\t<\/div>\n\t\t","protected":false},"excerpt":{"rendered":"<p>3 orsaker att delta i Dagsverke Genom Dagsverket skapar ni en f\u00f6r\u00e4ndring. I Dagsverket f\u00f6rsvarar ni ungdomarnas r\u00e4ttigheter tillsammans med andra ungdomarna. Dagsverke \u00e4r utvecklingssamarbete fr\u00e5n unga till unga. Mer information om Dagsverke Unga p\u00e5verkare Ungdomsgrupper, elevk\u00e5rer och ungdomsr\u00e5d ingriper i diskriminering som personer med funktionsvariationer m\u00f6ter. Genom att verka tillsammans kan vi \u00e5stadkomma f\u00f6r\u00e4ndringar. &#8230; <a title=\"Vad hindrar dig\" class=\"read-more\" href=\"https:\/\/www.taksvarkki.fi\/kampanja2021\/sv\/vad-hindrar-dig\/\" aria-label=\"Lue lis\u00e4\u00e4 aiheesta Vad hindrar dig\">Lue lis\u00e4\u00e4<\/a><\/p>\n","protected":false},"author":18,"featured_media":0,"parent":0,"menu_order":0,"comment_status":"closed","ping_status":"closed","template":"","meta":{"footnotes":""},"class_list":["post-463","page","type-page","status-publish"],"yoast_head":"<!-- This site is optimized with the Yoast SEO plugin v27.5 - https:\/\/yoast.com\/product\/yoast-seo-wordpress\/ -->\n<title>Vad hindrar dig - Dagsverke - Unga ingriper i diskriminering<\/title>\n<meta name=\"description\" content=\"Varje ungdom har r\u00e4tt att delta och p\u00e5verka. Via Dagsverke ingriper unga i diskriminering som personer med funktionsvariationer m\u00f6ter.\" \/>\n<meta name=\"robots\" content=\"index, follow, max-snippet:-1, max-image-preview:large, max-video-preview:-1\" \/>\n<link rel=\"canonical\" href=\"https:\/\/www.taksvarkki.fi\/kampanja2021\/sv\/vad-hindrar-dig\/\" \/>\n<meta property=\"og:locale\" content=\"fi_FI\" \/>\n<meta property=\"og:type\" content=\"article\" \/>\n<meta property=\"og:title\" content=\"Vad hindrar dig - Dagsverke - Unga ingriper i diskriminering\" \/>\n<meta property=\"og:description\" content=\"Varje ungdom har r\u00e4tt att delta och p\u00e5verka. Via Dagsverke ingriper unga i diskriminering som personer med funktionsvariationer m\u00f6ter.\" \/>\n<meta property=\"og:url\" content=\"https:\/\/www.taksvarkki.fi\/kampanja2021\/sv\/vad-hindrar-dig\/\" \/>\n<meta property=\"og:site_name\" content=\"Mik\u00e4 sua est\u00e4\u00e4?\" \/>\n<meta property=\"article:modified_time\" content=\"2023-01-31T08:44:21+00:00\" \/>\n<meta property=\"og:image\" content=\"https:\/\/www.taksvarkki.fi\/kampanja\/wp-content\/uploads\/sites\/14\/2021\/08\/Ndenda_Malawi.jpg\" \/>\n<meta name=\"twitter:card\" content=\"summary_large_image\" \/>\n<meta name=\"twitter:label1\" content=\"Arvioitu lukuaika\" \/>\n\t<meta name=\"twitter:data1\" content=\"4 minuuttia\" \/>\n<script type=\"application\/ld+json\" class=\"yoast-schema-graph\">{\"@context\":\"https:\\\/\\\/schema.org\",\"@graph\":[{\"@type\":\"WebPage\",\"@id\":\"https:\\\/\\\/www.taksvarkki.fi\\\/kampanja2021\\\/sv\\\/vad-hindrar-dig\\\/\",\"url\":\"https:\\\/\\\/www.taksvarkki.fi\\\/kampanja2021\\\/sv\\\/vad-hindrar-dig\\\/\",\"name\":\"Vad hindrar dig - Dagsverke - Unga ingriper i diskriminering\",\"isPartOf\":{\"@id\":\"https:\\\/\\\/www.taksvarkki.fi\\\/kampanja2021\\\/#website\"},\"primaryImageOfPage\":{\"@id\":\"https:\\\/\\\/www.taksvarkki.fi\\\/kampanja2021\\\/sv\\\/vad-hindrar-dig\\\/#primaryimage\"},\"image\":{\"@id\":\"https:\\\/\\\/www.taksvarkki.fi\\\/kampanja2021\\\/sv\\\/vad-hindrar-dig\\\/#primaryimage\"},\"thumbnailUrl\":\"https:\\\/\\\/www.taksvarkki.fi\\\/kampanja\\\/wp-content\\\/uploads\\\/sites\\\/14\\\/2021\\\/08\\\/Ndenda_Malawi.jpg\",\"datePublished\":\"2020-05-01T08:26:34+00:00\",\"dateModified\":\"2023-01-31T08:44:21+00:00\",\"description\":\"Varje ungdom har r\u00e4tt att delta och p\u00e5verka. Via Dagsverke ingriper unga i diskriminering som personer med funktionsvariationer m\u00f6ter.\",\"breadcrumb\":{\"@id\":\"https:\\\/\\\/www.taksvarkki.fi\\\/kampanja2021\\\/sv\\\/vad-hindrar-dig\\\/#breadcrumb\"},\"inLanguage\":\"fi\",\"potentialAction\":[{\"@type\":\"ReadAction\",\"target\":[\"https:\\\/\\\/www.taksvarkki.fi\\\/kampanja2021\\\/sv\\\/vad-hindrar-dig\\\/\"]}]},{\"@type\":\"ImageObject\",\"inLanguage\":\"fi\",\"@id\":\"https:\\\/\\\/www.taksvarkki.fi\\\/kampanja2021\\\/sv\\\/vad-hindrar-dig\\\/#primaryimage\",\"url\":\"https:\\\/\\\/www.taksvarkki.fi\\\/kampanja\\\/wp-content\\\/uploads\\\/sites\\\/14\\\/2021\\\/08\\\/Ndenda_Malawi.jpg\",\"contentUrl\":\"https:\\\/\\\/www.taksvarkki.fi\\\/kampanja\\\/wp-content\\\/uploads\\\/sites\\\/14\\\/2021\\\/08\\\/Ndenda_Malawi.jpg\"},{\"@type\":\"BreadcrumbList\",\"@id\":\"https:\\\/\\\/www.taksvarkki.fi\\\/kampanja2021\\\/sv\\\/vad-hindrar-dig\\\/#breadcrumb\",\"itemListElement\":[{\"@type\":\"ListItem\",\"position\":1,\"name\":\"Etusivu\",\"item\":\"https:\\\/\\\/www.taksvarkki.fi\\\/kampanja2021\\\/\"},{\"@type\":\"ListItem\",\"position\":2,\"name\":\"Vad hindrar dig\"}]},{\"@type\":\"WebSite\",\"@id\":\"https:\\\/\\\/www.taksvarkki.fi\\\/kampanja2021\\\/#website\",\"url\":\"https:\\\/\\\/www.taksvarkki.fi\\\/kampanja2021\\\/\",\"name\":\"Mik\u00e4 sua est\u00e4\u00e4?\",\"description\":\"Uusi Taksvarkki ry -sivusto\",\"potentialAction\":[{\"@type\":\"SearchAction\",\"target\":{\"@type\":\"EntryPoint\",\"urlTemplate\":\"https:\\\/\\\/www.taksvarkki.fi\\\/kampanja2021\\\/?s={search_term_string}\"},\"query-input\":{\"@type\":\"PropertyValueSpecification\",\"valueRequired\":true,\"valueName\":\"search_term_string\"}}],\"inLanguage\":\"fi\"}]}<\/script>\n<!-- \/ Yoast SEO plugin. -->","yoast_head_json":{"title":"Vad hindrar dig - Dagsverke - Unga ingriper i diskriminering","description":"Varje ungdom har r\u00e4tt att delta och p\u00e5verka. Via Dagsverke ingriper unga i diskriminering som personer med funktionsvariationer m\u00f6ter.","robots":{"index":"index","follow":"follow","max-snippet":"max-snippet:-1","max-image-preview":"max-image-preview:large","max-video-preview":"max-video-preview:-1"},"canonical":"https:\/\/www.taksvarkki.fi\/kampanja2021\/sv\/vad-hindrar-dig\/","og_locale":"fi_FI","og_type":"article","og_title":"Vad hindrar dig - Dagsverke - Unga ingriper i diskriminering","og_description":"Varje ungdom har r\u00e4tt att delta och p\u00e5verka. Via Dagsverke ingriper unga i diskriminering som personer med funktionsvariationer m\u00f6ter.","og_url":"https:\/\/www.taksvarkki.fi\/kampanja2021\/sv\/vad-hindrar-dig\/","og_site_name":"Mik\u00e4 sua est\u00e4\u00e4?","article_modified_time":"2023-01-31T08:44:21+00:00","og_image":[{"url":"https:\/\/www.taksvarkki.fi\/kampanja\/wp-content\/uploads\/sites\/14\/2021\/08\/Ndenda_Malawi.jpg","type":"","width":"","height":""}],"twitter_card":"summary_large_image","twitter_misc":{"Arvioitu lukuaika":"4 minuuttia"},"schema":{"@context":"https:\/\/schema.org","@graph":[{"@type":"WebPage","@id":"https:\/\/www.taksvarkki.fi\/kampanja2021\/sv\/vad-hindrar-dig\/","url":"https:\/\/www.taksvarkki.fi\/kampanja2021\/sv\/vad-hindrar-dig\/","name":"Vad hindrar dig - Dagsverke - Unga ingriper i diskriminering","isPartOf":{"@id":"https:\/\/www.taksvarkki.fi\/kampanja2021\/#website"},"primaryImageOfPage":{"@id":"https:\/\/www.taksvarkki.fi\/kampanja2021\/sv\/vad-hindrar-dig\/#primaryimage"},"image":{"@id":"https:\/\/www.taksvarkki.fi\/kampanja2021\/sv\/vad-hindrar-dig\/#primaryimage"},"thumbnailUrl":"https:\/\/www.taksvarkki.fi\/kampanja\/wp-content\/uploads\/sites\/14\/2021\/08\/Ndenda_Malawi.jpg","datePublished":"2020-05-01T08:26:34+00:00","dateModified":"2023-01-31T08:44:21+00:00","description":"Varje ungdom har r\u00e4tt att delta och p\u00e5verka. Via Dagsverke ingriper unga i diskriminering som personer med funktionsvariationer m\u00f6ter.","breadcrumb":{"@id":"https:\/\/www.taksvarkki.fi\/kampanja2021\/sv\/vad-hindrar-dig\/#breadcrumb"},"inLanguage":"fi","potentialAction":[{"@type":"ReadAction","target":["https:\/\/www.taksvarkki.fi\/kampanja2021\/sv\/vad-hindrar-dig\/"]}]},{"@type":"ImageObject","inLanguage":"fi","@id":"https:\/\/www.taksvarkki.fi\/kampanja2021\/sv\/vad-hindrar-dig\/#primaryimage","url":"https:\/\/www.taksvarkki.fi\/kampanja\/wp-content\/uploads\/sites\/14\/2021\/08\/Ndenda_Malawi.jpg","contentUrl":"https:\/\/www.taksvarkki.fi\/kampanja\/wp-content\/uploads\/sites\/14\/2021\/08\/Ndenda_Malawi.jpg"},{"@type":"BreadcrumbList","@id":"https:\/\/www.taksvarkki.fi\/kampanja2021\/sv\/vad-hindrar-dig\/#breadcrumb","itemListElement":[{"@type":"ListItem","position":1,"name":"Etusivu","item":"https:\/\/www.taksvarkki.fi\/kampanja2021\/"},{"@type":"ListItem","position":2,"name":"Vad hindrar dig"}]},{"@type":"WebSite","@id":"https:\/\/www.taksvarkki.fi\/kampanja2021\/#website","url":"https:\/\/www.taksvarkki.fi\/kampanja2021\/","name":"Mik\u00e4 sua est\u00e4\u00e4?","description":"Uusi Taksvarkki ry -sivusto","potentialAction":[{"@type":"SearchAction","target":{"@type":"EntryPoint","urlTemplate":"https:\/\/www.taksvarkki.fi\/kampanja2021\/?s={search_term_string}"},"query-input":{"@type":"PropertyValueSpecification","valueRequired":true,"valueName":"search_term_string"}}],"inLanguage":"fi"}]}},"_links":{"self":[{"href":"https:\/\/www.taksvarkki.fi\/kampanja2021\/wp-json\/wp\/v2\/pages\/463","targetHints":{"allow":["GET"]}}],"collection":[{"href":"https:\/\/www.taksvarkki.fi\/kampanja2021\/wp-json\/wp\/v2\/pages"}],"about":[{"href":"https:\/\/www.taksvarkki.fi\/kampanja2021\/wp-json\/wp\/v2\/types\/page"}],"author":[{"embeddable":true,"href":"https:\/\/www.taksvarkki.fi\/kampanja2021\/wp-json\/wp\/v2\/users\/18"}],"replies":[{"embeddable":true,"href":"https:\/\/www.taksvarkki.fi\/kampanja2021\/wp-json\/wp\/v2\/comments?post=463"}],"version-history":[{"count":56,"href":"https:\/\/www.taksvarkki.fi\/kampanja2021\/wp-json\/wp\/v2\/pages\/463\/revisions"}],"predecessor-version":[{"id":3005,"href":"https:\/\/www.taksvarkki.fi\/kampanja2021\/wp-json\/wp\/v2\/pages\/463\/revisions\/3005"}],"wp:attachment":[{"href":"https:\/\/www.taksvarkki.fi\/kampanja2021\/wp-json\/wp\/v2\/media?parent=463"}],"curies":[{"name":"wp","href":"https:\/\/api.w.org\/{rel}","templated":true}]}}