{"id":1807,"date":"2020-04-18T08:22:40","date_gmt":"2020-04-18T05:22:40","guid":{"rendered":"https:\/\/2020.teseppanen.com\/about\/"},"modified":"2021-09-03T10:19:19","modified_gmt":"2021-09-03T07:19:19","slug":"taksvarkkikerays","status":"publish","type":"page","link":"https:\/\/www.taksvarkki.fi\/kampanja2021\/taksvarkkikerays\/","title":{"rendered":"Taksv\u00e4rkkiker\u00e4ys"},"content":{"rendered":"\t\t<div data-elementor-type=\"wp-page\" data-elementor-id=\"1807\" class=\"elementor elementor-1807\">\n\t\t\t\t\t\t<section class=\"elementor-section elementor-top-section elementor-element elementor-element-0af4c7f elementor-section-boxed elementor-section-height-default elementor-section-height-default\" data-id=\"0af4c7f\" data-element_type=\"section\" data-e-type=\"section\">\n\t\t\t\t\t\t<div class=\"elementor-container elementor-column-gap-default\">\n\t\t\t\t\t<div class=\"elementor-column elementor-col-100 elementor-top-column elementor-element elementor-element-876fef0\" data-id=\"876fef0\" data-element_type=\"column\" data-e-type=\"column\">\n\t\t\t<div class=\"elementor-widget-wrap elementor-element-populated\">\n\t\t\t\t\t\t<div class=\"elementor-element elementor-element-4517959 elementor-widget elementor-widget-heading\" data-id=\"4517959\" data-element_type=\"widget\" data-e-type=\"widget\" data-widget_type=\"heading.default\">\n\t\t\t\t<div class=\"elementor-widget-container\">\n\t\t\t\t\t<h2 class=\"elementor-heading-title elementor-size-default\">Tietoa Taksv\u00e4rkkiker\u00e4yksest\u00e4 2021\u20132022<\/h2>\t\t\t\t<\/div>\n\t\t\t\t<\/div>\n\t\t\t\t<div class=\"elementor-element elementor-element-58bffda elementor-widget elementor-widget-text-editor\" data-id=\"58bffda\" data-element_type=\"widget\" data-e-type=\"widget\" data-widget_type=\"text-editor.default\">\n\t\t\t\t<div class=\"elementor-widget-container\">\n\t\t\t\t\t\t\t\t\t<p>Jokaisella nuorella on oikeus osallistua ja vaikuttaa. Taksv\u00e4rkiss\u00e4 nuoret puuttuvat yhdess\u00e4 vammaisten kohtaamaan syrjint\u00e4\u00e4n.\u00a0<\/p><p>Taksv\u00e4rkki-kampanjalla haluamme tehd\u00e4 vammaisten syrjinn\u00e4n eli disabilismin n\u00e4kyv\u00e4ksi. Samalla n\u00e4yt\u00e4mme, kuinka jokainen voi toimia vammaisten kohtaamaa syrjint\u00e4\u00e4 vastaan.\u00a0 \u00a0 \u00a0 \u00a0 \u00a0 \u00a0 \u00a0 \u00a0 \u00a0 \u00a0 \u00a0 \u00a0 \u00a0<\/p>\t\t\t\t\t\t\t\t<\/div>\n\t\t\t\t<\/div>\n\t\t\t\t<div class=\"elementor-element elementor-element-ba288e2 elementor-widget elementor-widget-heading\" data-id=\"ba288e2\" data-element_type=\"widget\" data-e-type=\"widget\" data-widget_type=\"heading.default\">\n\t\t\t\t<div class=\"elementor-widget-container\">\n\t\t\t\t\t<h3 class=\"elementor-heading-title elementor-size-default\">Mik\u00e4 sua est\u00e4\u00e4? -kampanja<\/h3>\t\t\t\t<\/div>\n\t\t\t\t<\/div>\n\t\t\t\t<div class=\"elementor-element elementor-element-a36f4f9 elementor-widget elementor-widget-text-editor\" data-id=\"a36f4f9\" data-element_type=\"widget\" data-e-type=\"widget\" data-widget_type=\"text-editor.default\">\n\t\t\t\t<div class=\"elementor-widget-container\">\n\t\t\t\t\t\t\t\t\t<p><span style=\"color: var( --e-global-color-text ); font-family: var( --e-global-typography-text-font-family ), Sans-serif; font-weight: var( --e-global-typography-text-font-weight );\">Mik\u00e4 sua est\u00e4\u00e4? -kampanjassa nuoret vammaiset ja vammattomat vaikuttajat kertovat mielipiteens\u00e4 vaikuttamisesta ja osallistumisen esteist\u00e4.<\/span><\/p><p>Ihmisoikeudet koskevat kaikkia. Kaikkien pit\u00e4\u00e4 olla mukana vaikuttamassa ja p\u00e4\u00e4tt\u00e4m\u00e4ss\u00e4 asioista.\u00a0<\/p><p>Taksv\u00e4rkki-ker\u00e4yksen tuotolla tuetaan nuorisoj\u00e4rjest\u00f6jen ty\u00f6t\u00e4 Guatemalassa, Keniassa, Malawissa, Nepalissa, Sambiassa ja Sierra Leonessa. Nuorten ryhm\u00e4t puolustavat nuorten yht\u00e4l\u00e4isi\u00e4 oikeuksia sek\u00e4 moninaisuuden arvostusta. Syrjim\u00e4tt\u00f6myys on ryhmien keskeinen toimintaperiaate.<\/p><p>Hankemaissa vammaisten syrjint\u00e4\u00e4n puututaan mm. vertaiskouluttajien, koulutusten ja erilaisten kampanjoiden avulla. Nuoret toimivat yhdess\u00e4 aikuisten ja p\u00e4\u00e4tt\u00e4jien kanssa. N\u00e4in saadaan aikaan muutosta.<\/p>\t\t\t\t\t\t\t\t<\/div>\n\t\t\t\t<\/div>\n\t\t\t\t<div class=\"elementor-element elementor-element-9c35f81 elementor-widget elementor-widget-heading\" data-id=\"9c35f81\" data-element_type=\"widget\" data-e-type=\"widget\" data-widget_type=\"heading.default\">\n\t\t\t\t<div class=\"elementor-widget-container\">\n\t\t\t\t\t<h3 class=\"elementor-heading-title elementor-size-default\">Taksv\u00e4rkki on toimintaa nuorelta nuorelle<\/h3>\t\t\t\t<\/div>\n\t\t\t\t<\/div>\n\t\t\t\t<div class=\"elementor-element elementor-element-3ba9891 elementor-widget elementor-widget-text-editor\" data-id=\"3ba9891\" data-element_type=\"widget\" data-e-type=\"widget\" data-widget_type=\"text-editor.default\">\n\t\t\t\t<div class=\"elementor-widget-container\">\n\t\t\t\t\t\t\t\t\t<p><span style=\"color: var( --e-global-color-text ); font-family: var( --e-global-typography-text-font-family ), Sans-serif; font-weight: var( --e-global-typography-text-font-weight );\">Tekem\u00e4ll\u00e4 p\u00e4iv\u00e4n t\u00f6it\u00e4 ja antamalla palkkion Taksv\u00e4rkki-ker\u00e4ykseen suomalaiset nuoret mahdollistavat monivuotiset kehitysyhteisty\u00f6hankkeet kuudessa maassa. Tavoitteena on, ett\u00e4 nuorista tulee yhteis\u00f6jens\u00e4 aktiivisia toimijoita ja kehityksen edist\u00e4ji\u00e4.<\/span><\/p><p>Taksv\u00e4rkki-ker\u00e4yksen 2021\u20132022 tuotolla nuoret\u00a0<span style=\"color: var( --e-global-color-text ); font-family: var( --e-global-typography-text-font-family ), Sans-serif; font-weight: var( --e-global-typography-text-font-weight );\">Guatemalassa, Keniassa, Malawissa, Nepalissa, Sambiassa ja Sierra Leonessa\u00a0<\/span><span style=\"color: var( --e-global-color-text ); font-family: var( --e-global-typography-text-font-family ), Sans-serif; font-weight: var( --e-global-typography-text-font-weight );\">voivat jatkaa toimintaansa yhdenvertaisuuden puolustajina. Taksv\u00e4rkki ry:n kumppanij\u00e4rjest\u00f6t toteuttavat hankkeet paikan p\u00e4\u00e4ll\u00e4.<\/span><\/p><p>Haasteet ovat maailmanlaajuisia ja yhteisi\u00e4. Yhdess\u00e4 voimme ratkaista niit\u00e4. Taksv\u00e4rkkip\u00e4iv\u00e4\u00e4n osallistumalla vaikutat oikeudenmukaisemman maailman rakentamiseen.<\/p>\t\t\t\t\t\t\t\t<\/div>\n\t\t\t\t<\/div>\n\t\t\t\t<div class=\"elementor-element elementor-element-a2eb8fb elementor-widget elementor-widget-heading\" data-id=\"a2eb8fb\" data-element_type=\"widget\" data-e-type=\"widget\" data-widget_type=\"heading.default\">\n\t\t\t\t<div class=\"elementor-widget-container\">\n\t\t\t\t\t<h3 class=\"elementor-heading-title elementor-size-default\">Taksv\u00e4rkkip\u00e4iv\u00e4 on mahdollisuus vaikuttaa!\n<\/h3>\t\t\t\t<\/div>\n\t\t\t\t<\/div>\n\t\t\t\t<div class=\"elementor-element elementor-element-ebf4a20 elementor-widget elementor-widget-text-editor\" data-id=\"ebf4a20\" data-element_type=\"widget\" data-e-type=\"widget\" data-widget_type=\"text-editor.default\">\n\t\t\t\t<div class=\"elementor-widget-container\">\n\t\t\t\t\t\t\t\t\t<p><span style=\"color: var( --e-global-color-text ); font-family: var( --e-global-typography-text-font-family ), Sans-serif; font-weight: var( --e-global-typography-text-font-weight );\">Taksv\u00e4rkki-kampanja k\u00e4ynnistyy heti koulujen alkaessa elokuussa. Koulun oma Taksv\u00e4rkkip\u00e4iv\u00e4 voi olla mik\u00e4 tahansa lukuj\u00e4rjestykseen sopiva p\u00e4iv\u00e4 kouluvuoden aikana. Kiitos kun osallistutte Taksv\u00e4rkkiin ja muutoksen tekemiseen.<\/span><\/p><p>Tervetuloa mukaan muuttamaan maailmaa!<\/p>\t\t\t\t\t\t\t\t<\/div>\n\t\t\t\t<\/div>\n\t\t\t\t<section class=\"elementor-section elementor-inner-section elementor-element elementor-element-d33b941 elementor-section-boxed elementor-section-height-default elementor-section-height-default\" data-id=\"d33b941\" data-element_type=\"section\" data-e-type=\"section\">\n\t\t\t\t\t\t<div class=\"elementor-container elementor-column-gap-default\">\n\t\t\t\t\t<div class=\"elementor-column elementor-col-100 elementor-inner-column elementor-element elementor-element-7823942\" data-id=\"7823942\" data-element_type=\"column\" data-e-type=\"column\">\n\t\t\t<div class=\"elementor-widget-wrap elementor-element-populated\">\n\t\t\t\t\t\t<div class=\"elementor-element elementor-element-d54a1af elementor-align-left elementor-widget elementor-widget-button\" data-id=\"d54a1af\" data-element_type=\"widget\" data-e-type=\"widget\" data-widget_type=\"button.default\">\n\t\t\t\t<div class=\"elementor-widget-container\">\n\t\t\t\t\t\t\t\t\t<div class=\"elementor-button-wrapper\">\n\t\t\t\t\t<a class=\"elementor-button elementor-button-link elementor-size-xl\" href=\"https:\/\/www.taksvarkki.fi\/kampanja\/taksvarkkikerays\/ilmoittautuminen\/\">\n\t\t\t\t\t\t<span class=\"elementor-button-content-wrapper\">\n\t\t\t\t\t\t\t\t\t<span class=\"elementor-button-text\">Ilmoittaudu Taksv\u00e4rkkiin<\/span>\n\t\t\t\t\t<\/span>\n\t\t\t\t\t<\/a>\n\t\t\t\t<\/div>\n\t\t\t\t\t\t\t\t<\/div>\n\t\t\t\t<\/div>\n\t\t\t\t\t<\/div>\n\t\t<\/div>\n\t\t\t\t\t<\/div>\n\t\t<\/section>\n\t\t\t\t<section class=\"elementor-section elementor-inner-section elementor-element elementor-element-8f80dc6 elementor-section-boxed elementor-section-height-default elementor-section-height-default\" data-id=\"8f80dc6\" data-element_type=\"section\" data-e-type=\"section\">\n\t\t\t\t\t\t<div class=\"elementor-container elementor-column-gap-default\">\n\t\t\t\t\t<div class=\"elementor-column elementor-col-100 elementor-inner-column elementor-element elementor-element-f2e3a40\" data-id=\"f2e3a40\" data-element_type=\"column\" data-e-type=\"column\">\n\t\t\t<div class=\"elementor-widget-wrap elementor-element-populated\">\n\t\t\t\t\t\t<div class=\"elementor-element elementor-element-603cd8e elementor-align-left elementor-widget elementor-widget-button\" data-id=\"603cd8e\" data-element_type=\"widget\" data-e-type=\"widget\" data-widget_type=\"button.default\">\n\t\t\t\t<div class=\"elementor-widget-container\">\n\t\t\t\t\t\t\t\t\t<div class=\"elementor-button-wrapper\">\n\t\t\t\t\t<a class=\"elementor-button elementor-button-link elementor-size-xl\" href=\"https:\/\/www.taksvarkki.fi\/taksvarkkikerays-selkokielella\">\n\t\t\t\t\t\t<span class=\"elementor-button-content-wrapper\">\n\t\t\t\t\t\t\t\t\t<span class=\"elementor-button-text\">Taksv\u00e4rkkiker\u00e4ys selkokielell\u00e4<\/span>\n\t\t\t\t\t<\/span>\n\t\t\t\t\t<\/a>\n\t\t\t\t<\/div>\n\t\t\t\t\t\t\t\t<\/div>\n\t\t\t\t<\/div>\n\t\t\t\t\t<\/div>\n\t\t<\/div>\n\t\t\t\t\t<\/div>\n\t\t<\/section>\n\t\t\t\t<section class=\"elementor-section elementor-inner-section elementor-element elementor-element-2683e6a elementor-section-boxed elementor-section-height-default elementor-section-height-default\" data-id=\"2683e6a\" data-element_type=\"section\" data-e-type=\"section\">\n\t\t\t\t\t\t<div class=\"elementor-container elementor-column-gap-default\">\n\t\t\t\t\t<div class=\"elementor-column elementor-col-100 elementor-inner-column elementor-element elementor-element-97cd2ce\" data-id=\"97cd2ce\" data-element_type=\"column\" data-e-type=\"column\">\n\t\t\t<div class=\"elementor-widget-wrap elementor-element-populated\">\n\t\t\t\t\t\t<div class=\"elementor-element elementor-element-844857e elementor-align-left elementor-widget elementor-widget-button\" data-id=\"844857e\" data-element_type=\"widget\" data-e-type=\"widget\" data-widget_type=\"button.default\">\n\t\t\t\t<div class=\"elementor-widget-container\">\n\t\t\t\t\t\t\t\t\t<div class=\"elementor-button-wrapper\">\n\t\t\t\t\t<a class=\"elementor-button elementor-button-link elementor-size-xl\" href=\"https:\/\/www.taksvarkki.fi\/kampanja\/taksvarkkikerays\/ohjeet\/\">\n\t\t\t\t\t\t<span class=\"elementor-button-content-wrapper\">\n\t\t\t\t\t\t\t\t\t<span class=\"elementor-button-text\">Ohjeet Taksv\u00e4rkin j\u00e4rjest\u00e4miseen<\/span>\n\t\t\t\t\t<\/span>\n\t\t\t\t\t<\/a>\n\t\t\t\t<\/div>\n\t\t\t\t\t\t\t\t<\/div>\n\t\t\t\t<\/div>\n\t\t\t\t\t<\/div>\n\t\t<\/div>\n\t\t\t\t\t<\/div>\n\t\t<\/section>\n\t\t\t\t<div class=\"elementor-element elementor-element-0c477e8 elementor-widget-divider--view-line elementor-widget elementor-widget-divider\" data-id=\"0c477e8\" data-element_type=\"widget\" data-e-type=\"widget\" data-widget_type=\"divider.default\">\n\t\t\t\t<div class=\"elementor-widget-container\">\n\t\t\t\t\t\t\t<div class=\"elementor-divider\">\n\t\t\t<span class=\"elementor-divider-separator\">\n\t\t\t\t\t\t<\/span>\n\t\t<\/div>\n\t\t\t\t\t\t<\/div>\n\t\t\t\t<\/div>\n\t\t\t\t\t<\/div>\n\t\t<\/div>\n\t\t\t\t\t<\/div>\n\t\t<\/section>\n\t\t\t\t<section class=\"elementor-section elementor-top-section elementor-element elementor-element-633a357 elementor-section-boxed elementor-section-height-default elementor-section-height-default\" data-id=\"633a357\" data-element_type=\"section\" data-e-type=\"section\" data-settings=\"{&quot;background_background&quot;:&quot;classic&quot;}\">\n\t\t\t\t\t\t<div class=\"elementor-container elementor-column-gap-default\">\n\t\t\t\t\t<div class=\"elementor-column elementor-col-100 elementor-top-column elementor-element elementor-element-bc314ac\" data-id=\"bc314ac\" data-element_type=\"column\" data-e-type=\"column\">\n\t\t\t<div class=\"elementor-widget-wrap elementor-element-populated\">\n\t\t\t\t\t\t<div class=\"elementor-element elementor-element-25656bf elementor-widget elementor-widget-heading\" data-id=\"25656bf\" data-element_type=\"widget\" data-e-type=\"widget\" data-widget_type=\"heading.default\">\n\t\t\t\t<div class=\"elementor-widget-container\">\n\t\t\t\t\t<h2 class=\"elementor-heading-title elementor-size-xl\">Taksv\u00e4rkkiker\u00e4yksen tuotoilla puolustetaan vammaisten oikeuksia esimerkiksi n\u00e4ill\u00e4 keinoilla:<br><\/h2>\t\t\t\t<\/div>\n\t\t\t\t<\/div>\n\t\t\t\t<section class=\"elementor-section elementor-inner-section elementor-element elementor-element-ee0132e elementor-section-boxed elementor-section-height-default elementor-section-height-default\" data-id=\"ee0132e\" data-element_type=\"section\" data-e-type=\"section\">\n\t\t\t\t\t\t<div class=\"elementor-container elementor-column-gap-default\">\n\t\t\t\t\t<div class=\"elementor-column elementor-col-33 elementor-inner-column elementor-element elementor-element-9a3bdaa\" data-id=\"9a3bdaa\" data-element_type=\"column\" data-e-type=\"column\">\n\t\t\t<div class=\"elementor-widget-wrap elementor-element-populated\">\n\t\t\t\t\t\t<div class=\"elementor-element elementor-element-ded7ebf elementor-widget elementor-widget-heading\" data-id=\"ded7ebf\" data-element_type=\"widget\" data-e-type=\"widget\" data-widget_type=\"heading.default\">\n\t\t\t\t<div class=\"elementor-widget-container\">\n\t\t\t\t\t<h2 class=\"elementor-heading-title elementor-size-xxl\">10 \u20ac<\/h2>\t\t\t\t<\/div>\n\t\t\t\t<\/div>\n\t\t\t\t<div class=\"elementor-element elementor-element-3a7b5ab elementor-widget elementor-widget-text-editor\" data-id=\"3a7b5ab\" data-element_type=\"widget\" data-e-type=\"widget\" data-widget_type=\"text-editor.default\">\n\t\t\t\t<div class=\"elementor-widget-container\">\n\t\t\t\t\t\t\t\t\t<p>Kaksi vertaiskouluttajaa voi j\u00e4rjest\u00e4\u00e4 Sambiassa koulutuksen 70 nuorelle. Koulutusten aiheena on yhdenvertaisuus ja puuttuminen vammaisten kohtaamaan syrjint\u00e4\u00e4n.<\/p>\t\t\t\t\t\t\t\t<\/div>\n\t\t\t\t<\/div>\n\t\t\t\t\t<\/div>\n\t\t<\/div>\n\t\t\t\t<div class=\"elementor-column elementor-col-33 elementor-inner-column elementor-element elementor-element-f2940c2\" data-id=\"f2940c2\" data-element_type=\"column\" data-e-type=\"column\">\n\t\t\t<div class=\"elementor-widget-wrap elementor-element-populated\">\n\t\t\t\t\t\t<div class=\"elementor-element elementor-element-c856ef8 elementor-widget elementor-widget-heading\" data-id=\"c856ef8\" data-element_type=\"widget\" data-e-type=\"widget\" data-widget_type=\"heading.default\">\n\t\t\t\t<div class=\"elementor-widget-container\">\n\t\t\t\t\t<h2 class=\"elementor-heading-title elementor-size-xxl\">80 \u20ac<\/h2>\t\t\t\t<\/div>\n\t\t\t\t<\/div>\n\t\t\t\t<div class=\"elementor-element elementor-element-41d8b8e elementor-widget elementor-widget-text-editor\" data-id=\"41d8b8e\" data-element_type=\"widget\" data-e-type=\"widget\" data-widget_type=\"text-editor.default\">\n\t\t\t\t<div class=\"elementor-widget-container\">\n\t\t\t\t\t\t\t\t\t<p>Malawissa saadaan polkupy\u00f6r\u00e4 nuortenryhm\u00e4n k\u00e4ytt\u00f6\u00f6n. Vaikuttamisesta kiinnostuneet vammaiset nuoret p\u00e4\u00e4sev\u00e4t polkupy\u00f6r\u00e4kyydill\u00e4 osallistumaan nuortenryhm\u00e4n tapaamisiin.<\/p>\t\t\t\t\t\t\t\t<\/div>\n\t\t\t\t<\/div>\n\t\t\t\t\t<\/div>\n\t\t<\/div>\n\t\t\t\t<div class=\"elementor-column elementor-col-33 elementor-inner-column elementor-element elementor-element-4c45468\" data-id=\"4c45468\" data-element_type=\"column\" data-e-type=\"column\">\n\t\t\t<div class=\"elementor-widget-wrap elementor-element-populated\">\n\t\t\t\t\t\t<div class=\"elementor-element elementor-element-7fec41a elementor-widget elementor-widget-heading\" data-id=\"7fec41a\" data-element_type=\"widget\" data-e-type=\"widget\" data-widget_type=\"heading.default\">\n\t\t\t\t<div class=\"elementor-widget-container\">\n\t\t\t\t\t<h2 class=\"elementor-heading-title elementor-size-xxl\">250 \u20ac<\/h2>\t\t\t\t<\/div>\n\t\t\t\t<\/div>\n\t\t\t\t<div class=\"elementor-element elementor-element-8d05922 elementor-widget elementor-widget-text-editor\" data-id=\"8d05922\" data-element_type=\"widget\" data-e-type=\"widget\" data-widget_type=\"text-editor.default\">\n\t\t\t\t<div class=\"elementor-widget-container\">\n\t\t\t\t\t\t\t\t\t<p>Nepalilaisen koulun oppilaskunta-aktiivit j\u00e4rjest\u00e4v\u00e4t l\u00e4hikyliss\u00e4 vaikuttamiskampanjan vammaisten\u00a0oikeuksien edist\u00e4misest\u00e4.<\/p>\t\t\t\t\t\t\t\t<\/div>\n\t\t\t\t<\/div>\n\t\t\t\t\t<\/div>\n\t\t<\/div>\n\t\t\t\t\t<\/div>\n\t\t<\/section>\n\t\t\t\t\t<\/div>\n\t\t<\/div>\n\t\t\t\t\t<\/div>\n\t\t<\/section>\n\t\t\t\t<section class=\"elementor-section elementor-top-section elementor-element elementor-element-b3a7a08 elementor-section-boxed elementor-section-height-default elementor-section-height-default\" data-id=\"b3a7a08\" data-element_type=\"section\" data-e-type=\"section\">\n\t\t\t\t\t\t\t<div class=\"elementor-background-overlay\"><\/div>\n\t\t\t\t\t\t\t<div class=\"elementor-container elementor-column-gap-default\">\n\t\t\t\t\t<div class=\"elementor-column elementor-col-100 elementor-top-column elementor-element elementor-element-9eee5b4\" data-id=\"9eee5b4\" data-element_type=\"column\" data-e-type=\"column\" data-settings=\"{&quot;background_background&quot;:&quot;classic&quot;}\">\n\t\t\t<div class=\"elementor-widget-wrap elementor-element-populated\">\n\t\t\t\t\t\t<div class=\"elementor-element elementor-element-74e44ab elementor-widget elementor-widget-heading\" data-id=\"74e44ab\" data-element_type=\"widget\" data-e-type=\"widget\" data-widget_type=\"heading.default\">\n\t\t\t\t<div class=\"elementor-widget-container\">\n\t\t\t\t\t<h2 class=\"elementor-heading-title elementor-size-default\">Taksv\u00e4rkkip\u00e4iv\u00e4 ja ty\u00f6paikat<\/h2>\t\t\t\t<\/div>\n\t\t\t\t<\/div>\n\t\t\t\t<div class=\"elementor-element elementor-element-4b5c394 elementor-widget elementor-widget-text-editor\" data-id=\"4b5c394\" data-element_type=\"widget\" data-e-type=\"widget\" data-widget_type=\"text-editor.default\">\n\t\t\t\t<div class=\"elementor-widget-container\">\n\t\t\t\t\t\t\t\t\t<p>Yksi osa Taksv\u00e4rkki-kampanjaa on Taksv\u00e4rkki-ker\u00e4ys. Se perustuu p\u00e4iv\u00e4n ty\u00f6h\u00f6n, Taksv\u00e4rkkiin.<\/p><h3><strong>Erilaiset ker\u00e4ystavat:<\/strong><\/h3>\t\t\t\t\t\t\t\t<\/div>\n\t\t\t\t<\/div>\n\t\t\t\t<div class=\"elementor-element elementor-element-8e7cdca elementor-icon-list--layout-traditional elementor-list-item-link-full_width elementor-widget elementor-widget-icon-list\" data-id=\"8e7cdca\" data-element_type=\"widget\" data-e-type=\"widget\" data-widget_type=\"icon-list.default\">\n\t\t\t\t<div class=\"elementor-widget-container\">\n\t\t\t\t\t\t\t<ul class=\"elementor-icon-list-items\">\n\t\t\t\t\t\t\t<li class=\"elementor-icon-list-item\">\n\t\t\t\t\t\t\t\t\t\t\t<span class=\"elementor-icon-list-icon\">\n\t\t\t\t\t\t\t<i aria-hidden=\"true\" class=\"fas fa-check\"><\/i>\t\t\t\t\t\t<\/span>\n\t\t\t\t\t\t\t\t\t\t<span class=\"elementor-icon-list-text\">Nuori tekee p\u00e4iv\u00e4n ty\u00f6t\u00e4 ja antaa saadun palkkion Taksv\u00e4rkki ry:n ker\u00e4ykseen.<\/span>\n\t\t\t\t\t\t\t\t\t<\/li>\n\t\t\t\t\t\t\t\t<li class=\"elementor-icon-list-item\">\n\t\t\t\t\t\t\t\t\t\t\t<span class=\"elementor-icon-list-icon\">\n\t\t\t\t\t\t\t<i aria-hidden=\"true\" class=\"fas fa-check\"><\/i>\t\t\t\t\t\t<\/span>\n\t\t\t\t\t\t\t\t\t\t<span class=\"elementor-icon-list-text\">Koulu j\u00e4rjest\u00e4\u00e4 Taksv\u00e4rkki-tempauksen esim. b\u00e4ndikonsertin tai myyj\u00e4iset, jonka tuotto ohjataan ker\u00e4ykseen.<\/span>\n\t\t\t\t\t\t\t\t\t<\/li>\n\t\t\t\t\t\t\t\t<li class=\"elementor-icon-list-item\">\n\t\t\t\t\t\t\t\t\t\t\t<span class=\"elementor-icon-list-icon\">\n\t\t\t\t\t\t\t<i aria-hidden=\"true\" class=\"fas fa-check\"><\/i>\t\t\t\t\t\t<\/span>\n\t\t\t\t\t\t\t\t\t\t<span class=\"elementor-icon-list-text\">Oppilas- tai opiskelijakunta osallistuu lahjoittamalla osan kahvilansa tai kioskinsa tuotoista ker\u00e4ykseen.<\/span>\n\t\t\t\t\t\t\t\t\t<\/li>\n\t\t\t\t\t\t<\/ul>\n\t\t\t\t\t\t<\/div>\n\t\t\t\t<\/div>\n\t\t\t\t<div class=\"elementor-element elementor-element-f45bb46 elementor-widget elementor-widget-text-editor\" data-id=\"f45bb46\" data-element_type=\"widget\" data-e-type=\"widget\" data-widget_type=\"text-editor.default\">\n\t\t\t\t<div class=\"elementor-widget-container\">\n\t\t\t\t\t\t\t\t\t<h3><strong>Mist\u00e4 Taksv\u00e4rkki-ty\u00f6paikkoja?<\/strong><\/h3><p>Taksv\u00e4rkki-p\u00e4iv\u00e4n\u00e4 voi ty\u00f6skennell\u00e4 vaikkapa yrityksess\u00e4 tai kotitaloudessa. Taksv\u00e4rkki-ty\u00f6t\u00e4 voi tehd\u00e4 melkein miss\u00e4 tahansa, esimerkiksi:<\/p>\t\t\t\t\t\t\t\t<\/div>\n\t\t\t\t<\/div>\n\t\t\t\t<div class=\"elementor-element elementor-element-411bf7e elementor-icon-list--layout-traditional elementor-list-item-link-full_width elementor-widget elementor-widget-icon-list\" data-id=\"411bf7e\" data-element_type=\"widget\" data-e-type=\"widget\" data-widget_type=\"icon-list.default\">\n\t\t\t\t<div class=\"elementor-widget-container\">\n\t\t\t\t\t\t\t<ul class=\"elementor-icon-list-items\">\n\t\t\t\t\t\t\t<li class=\"elementor-icon-list-item\">\n\t\t\t\t\t\t\t\t\t\t\t<span class=\"elementor-icon-list-icon\">\n\t\t\t\t\t\t\t<i aria-hidden=\"true\" class=\"fas fa-check\"><\/i>\t\t\t\t\t\t<\/span>\n\t\t\t\t\t\t\t\t\t\t<span class=\"elementor-icon-list-text\">kaupassa: kassalla, hyllytt\u00e4m\u00e4ss\u00e4, inventaariossa<\/span>\n\t\t\t\t\t\t\t\t\t<\/li>\n\t\t\t\t\t\t\t\t<li class=\"elementor-icon-list-item\">\n\t\t\t\t\t\t\t\t\t\t\t<span class=\"elementor-icon-list-icon\">\n\t\t\t\t\t\t\t<i aria-hidden=\"true\" class=\"fas fa-check\"><\/i>\t\t\t\t\t\t<\/span>\n\t\t\t\t\t\t\t\t\t\t<span class=\"elementor-icon-list-text\">toimistossa: avustaen postituksessa tai kopioinnissa<\/span>\n\t\t\t\t\t\t\t\t\t<\/li>\n\t\t\t\t\t\t\t\t<li class=\"elementor-icon-list-item\">\n\t\t\t\t\t\t\t\t\t\t\t<span class=\"elementor-icon-list-icon\">\n\t\t\t\t\t\t\t<i aria-hidden=\"true\" class=\"fas fa-check\"><\/i>\t\t\t\t\t\t<\/span>\n\t\t\t\t\t\t\t\t\t\t<span class=\"elementor-icon-list-text\">kahvilassa: tarjoilemalla, pesem\u00e4ll\u00e4 astioita, pyyhkim\u00e4ll\u00e4 p\u00f6yti\u00e4<\/span>\n\t\t\t\t\t\t\t\t\t<\/li>\n\t\t\t\t\t\t\t\t<li class=\"elementor-icon-list-item\">\n\t\t\t\t\t\t\t\t\t\t\t<span class=\"elementor-icon-list-icon\">\n\t\t\t\t\t\t\t<i aria-hidden=\"true\" class=\"fas fa-check\"><\/i>\t\t\t\t\t\t<\/span>\n\t\t\t\t\t\t\t\t\t\t<span class=\"elementor-icon-list-text\">kotitaloudessa: hoitamalla lapsia tai lemmikkiel\u00e4imi\u00e4, siivoamalla<\/span>\n\t\t\t\t\t\t\t\t\t<\/li>\n\t\t\t\t\t\t\t\t<li class=\"elementor-icon-list-item\">\n\t\t\t\t\t\t\t\t\t\t\t<span class=\"elementor-icon-list-icon\">\n\t\t\t\t\t\t\t<i aria-hidden=\"true\" class=\"fas fa-check\"><\/i>\t\t\t\t\t\t<\/span>\n\t\t\t\t\t\t\t\t\t\t<span class=\"elementor-icon-list-text\">tai vaikka radiossa, teatterissa tai eduskunnassa avustajana<\/span>\n\t\t\t\t\t\t\t\t\t<\/li>\n\t\t\t\t\t\t\t\t<li class=\"elementor-icon-list-item\">\n\t\t\t\t\t\t\t\t\t\t\t<span class=\"elementor-icon-list-icon\">\n\t\t\t\t\t\t\t<i aria-hidden=\"true\" class=\"fas fa-check\"><\/i>\t\t\t\t\t\t<\/span>\n\t\t\t\t\t\t\t\t\t\t<span class=\"elementor-icon-list-text\">koko luokka tai koulu voi suorittaa urakkaty\u00f6n kunnalle tai yritykselle<\/span>\n\t\t\t\t\t\t\t\t\t<\/li>\n\t\t\t\t\t\t<\/ul>\n\t\t\t\t\t\t<\/div>\n\t\t\t\t<\/div>\n\t\t\t\t<div class=\"elementor-element elementor-element-5050394 elementor-widget elementor-widget-text-editor\" data-id=\"5050394\" data-element_type=\"widget\" data-e-type=\"widget\" data-widget_type=\"text-editor.default\">\n\t\t\t\t<div class=\"elementor-widget-container\">\n\t\t\t\t\t\t\t\t\t<h3><strong>Taksv\u00e4rkkip\u00e4iv\u00e4 tutustuttaa kiinnostavaan ty\u00f6paikkaan<\/strong><\/h3><p>Taksv\u00e4rkkip\u00e4iv\u00e4 antaa mahdollisuuden tutustua ty\u00f6el\u00e4m\u00e4\u00e4n ja itse\u00e4\u00e4n kiinnostavaan alaan. Samalla saa hy\u00f6dyllist\u00e4 kokemusta ja suhteita esimerkiksi kes\u00e4t\u00f6it\u00e4 ajatellen.<\/p><h3><strong>Uutiskirje<\/strong><\/h3><p>Taksv\u00e4rkin kuukausittainen uutiskirje tarjoaa n\u00e4kymi\u00e4 eri kulttuureihin ja kehitysmaiden todellisuuteen. Sen kautta saa hy\u00f6dyllisi\u00e4 v\u00e4lineit\u00e4 ja materiaaleja oppilaitosten globaalikasvatuksessa k\u00e4ytett\u00e4v\u00e4ksi sek\u00e4 uusimmat uutiset kampanjaan liittyen.<\/p>\t\t\t\t\t\t\t\t<\/div>\n\t\t\t\t<\/div>\n\t\t\t\t<div class=\"elementor-element elementor-element-593fd59 elementor-align-center elementor-widget elementor-widget-button\" data-id=\"593fd59\" data-element_type=\"widget\" data-e-type=\"widget\" data-widget_type=\"button.default\">\n\t\t\t\t<div class=\"elementor-widget-container\">\n\t\t\t\t\t\t\t\t\t<div class=\"elementor-button-wrapper\">\n\t\t\t\t\t<a class=\"elementor-button elementor-button-link elementor-size-xl\" href=\"https:\/\/www.taksvarkki.fi\/tilaa-uutiskirje\">\n\t\t\t\t\t\t<span class=\"elementor-button-content-wrapper\">\n\t\t\t\t\t\t\t\t\t<span class=\"elementor-button-text\">Tilaa uutiskirje<\/span>\n\t\t\t\t\t<\/span>\n\t\t\t\t\t<\/a>\n\t\t\t\t<\/div>\n\t\t\t\t\t\t\t\t<\/div>\n\t\t\t\t<\/div>\n\t\t\t\t\t<\/div>\n\t\t<\/div>\n\t\t\t\t\t<\/div>\n\t\t<\/section>\n\t\t\t\t<section class=\"elementor-section elementor-top-section elementor-element elementor-element-d968445 elementor-section-boxed elementor-section-height-default elementor-section-height-default\" data-id=\"d968445\" data-element_type=\"section\" data-e-type=\"section\">\n\t\t\t\t\t\t<div class=\"elementor-container elementor-column-gap-default\">\n\t\t\t\t\t<div class=\"elementor-column elementor-col-100 elementor-top-column elementor-element elementor-element-c83a880\" data-id=\"c83a880\" data-element_type=\"column\" data-e-type=\"column\" data-settings=\"{&quot;background_background&quot;:&quot;classic&quot;}\">\n\t\t\t<div class=\"elementor-widget-wrap elementor-element-populated\">\n\t\t\t\t\t\t<section class=\"elementor-section elementor-inner-section elementor-element elementor-element-e136d1e elementor-section-boxed elementor-section-height-default elementor-section-height-default\" data-id=\"e136d1e\" data-element_type=\"section\" data-e-type=\"section\">\n\t\t\t\t\t\t<div class=\"elementor-container elementor-column-gap-default\">\n\t\t\t\t\t<div class=\"elementor-column elementor-col-33 elementor-inner-column elementor-element elementor-element-02b2e85\" data-id=\"02b2e85\" data-element_type=\"column\" data-e-type=\"column\">\n\t\t\t<div class=\"elementor-widget-wrap elementor-element-populated\">\n\t\t\t\t\t\t<div class=\"elementor-element elementor-element-eeac781 elementor-widget elementor-widget-image\" data-id=\"eeac781\" data-element_type=\"widget\" data-e-type=\"widget\" data-widget_type=\"image.default\">\n\t\t\t\t<div class=\"elementor-widget-container\">\n\t\t\t\t\t\t\t\t\t\t\t\t\t\t\t<img fetchpriority=\"high\" decoding=\"async\" width=\"400\" height=\"400\" src=\"https:\/\/www.taksvarkki.fi\/kampanja2021\/wp-content\/uploads\/sites\/14\/2020\/06\/img_halonen.jpg\" class=\"attachment-large size-large wp-image-765\" alt=\"Presidentti Tarja Halosen kasvokuva.\" srcset=\"https:\/\/www.taksvarkki.fi\/kampanja2021\/wp-content\/uploads\/sites\/14\/2020\/06\/img_halonen.jpg 400w, https:\/\/www.taksvarkki.fi\/kampanja2021\/wp-content\/uploads\/sites\/14\/2020\/06\/img_halonen-300x300.jpg 300w, https:\/\/www.taksvarkki.fi\/kampanja2021\/wp-content\/uploads\/sites\/14\/2020\/06\/img_halonen-150x150.jpg 150w\" sizes=\"(max-width: 400px) 100vw, 400px\" \/>\t\t\t\t\t\t\t\t\t\t\t\t\t\t\t<\/div>\n\t\t\t\t<\/div>\n\t\t\t\t\t<\/div>\n\t\t<\/div>\n\t\t\t\t<div class=\"elementor-column elementor-col-66 elementor-inner-column elementor-element elementor-element-deb3e26\" data-id=\"deb3e26\" data-element_type=\"column\" data-e-type=\"column\">\n\t\t\t<div class=\"elementor-widget-wrap elementor-element-populated\">\n\t\t\t\t\t\t<div class=\"elementor-element elementor-element-e0eedba elementor-widget elementor-widget-text-editor\" data-id=\"e0eedba\" data-element_type=\"widget\" data-e-type=\"widget\" data-widget_type=\"text-editor.default\">\n\t\t\t\t<div class=\"elementor-widget-container\">\n\t\t\t\t\t\t\t\t\t<p>Mik\u00e4 sua est\u00e4\u00e4? -kampanjan suojelija on presidentti Tarja Halonen, Taksv\u00e4rkki ry:n kunniaj\u00e4sen ja Taksv\u00e4rkkitoimikunnan puheenjohtaja 1985\u20131988.<\/p>\t\t\t\t\t\t\t\t<\/div>\n\t\t\t\t<\/div>\n\t\t\t\t\t<\/div>\n\t\t<\/div>\n\t\t\t\t\t<\/div>\n\t\t<\/section>\n\t\t\t\t\t<\/div>\n\t\t<\/div>\n\t\t\t\t\t<\/div>\n\t\t<\/section>\n\t\t\t\t<section class=\"elementor-section elementor-top-section elementor-element elementor-element-8af19cc elementor-section-boxed elementor-section-height-default elementor-section-height-default\" data-id=\"8af19cc\" data-element_type=\"section\" data-e-type=\"section\" data-settings=\"{&quot;background_background&quot;:&quot;classic&quot;}\">\n\t\t\t\t\t\t<div class=\"elementor-container elementor-column-gap-default\">\n\t\t\t\t\t<div class=\"elementor-column elementor-col-100 elementor-top-column elementor-element elementor-element-eb409ac\" data-id=\"eb409ac\" data-element_type=\"column\" data-e-type=\"column\" data-settings=\"{&quot;background_background&quot;:&quot;classic&quot;}\">\n\t\t\t<div class=\"elementor-widget-wrap elementor-element-populated\">\n\t\t\t\t\t\t<div class=\"elementor-element elementor-element-ffd08b3 elementor-widget elementor-widget-heading\" data-id=\"ffd08b3\" data-element_type=\"widget\" data-e-type=\"widget\" data-widget_type=\"heading.default\">\n\t\t\t\t<div class=\"elementor-widget-container\">\n\t\t\t\t\t<h2 class=\"elementor-heading-title elementor-size-xl\">Tuloksia Taksv\u00e4rkill\u00e4 vuonna 2020<\/h2>\t\t\t\t<\/div>\n\t\t\t\t<\/div>\n\t\t\t\t<section class=\"elementor-section elementor-inner-section elementor-element elementor-element-6522362 elementor-section-boxed elementor-section-height-default elementor-section-height-default\" data-id=\"6522362\" data-element_type=\"section\" data-e-type=\"section\">\n\t\t\t\t\t\t<div class=\"elementor-container elementor-column-gap-wider\">\n\t\t\t\t\t<div class=\"elementor-column elementor-col-33 elementor-inner-column elementor-element elementor-element-3d6917a\" data-id=\"3d6917a\" data-element_type=\"column\" data-e-type=\"column\">\n\t\t\t<div class=\"elementor-widget-wrap elementor-element-populated\">\n\t\t\t\t\t\t<div class=\"elementor-element elementor-element-026d9f1 elementor-widget elementor-widget-text-editor\" data-id=\"026d9f1\" data-element_type=\"widget\" data-e-type=\"widget\" data-widget_type=\"text-editor.default\">\n\t\t\t\t<div class=\"elementor-widget-container\">\n\t\t\t\t\t\t\t\t\t<p>13372<\/p>\t\t\t\t\t\t\t\t<\/div>\n\t\t\t\t<\/div>\n\t\t\t\t<div class=\"elementor-element elementor-element-4161673 elementor-widget elementor-widget-text-editor\" data-id=\"4161673\" data-element_type=\"widget\" data-e-type=\"widget\" data-widget_type=\"text-editor.default\">\n\t\t\t\t<div class=\"elementor-widget-container\">\n\t\t\t\t\t\t\t\t\t<p>lasta ja nuorta Guatemalassa, Keniassa, Malawissa, Nepalissa, Sambiassa\u00a0 ja Sierra Leonessa osallistui Taksv\u00e4rkki ry:n tukemaan toimintaan.<\/p>\t\t\t\t\t\t\t\t<\/div>\n\t\t\t\t<\/div>\n\t\t\t\t\t<\/div>\n\t\t<\/div>\n\t\t\t\t<div class=\"elementor-column elementor-col-33 elementor-inner-column elementor-element elementor-element-47fc1f2\" data-id=\"47fc1f2\" data-element_type=\"column\" data-e-type=\"column\">\n\t\t\t<div class=\"elementor-widget-wrap elementor-element-populated\">\n\t\t\t\t\t\t<div class=\"elementor-element elementor-element-576be8e elementor-widget elementor-widget-text-editor\" data-id=\"576be8e\" data-element_type=\"widget\" data-e-type=\"widget\" data-widget_type=\"text-editor.default\">\n\t\t\t\t<div class=\"elementor-widget-container\">\n\t\t\t\t\t\t\t\t\t<p>366<\/p>\t\t\t\t\t\t\t\t<\/div>\n\t\t\t\t<\/div>\n\t\t\t\t<div class=\"elementor-element elementor-element-0b1b285 elementor-widget elementor-widget-text-editor\" data-id=\"0b1b285\" data-element_type=\"widget\" data-e-type=\"widget\" data-widget_type=\"text-editor.default\">\n\t\t\t\t<div class=\"elementor-widget-container\">\n\t\t\t\t\t\t\t\t\t<p>j\u00e4rjestetty\u00e4 koulutusta, joista nuoret saivat uusia taitoja ja vertaistukea.<\/p>\t\t\t\t\t\t\t\t<\/div>\n\t\t\t\t<\/div>\n\t\t\t\t\t<\/div>\n\t\t<\/div>\n\t\t\t\t<div class=\"elementor-column elementor-col-33 elementor-inner-column elementor-element elementor-element-ebe5556\" data-id=\"ebe5556\" data-element_type=\"column\" data-e-type=\"column\">\n\t\t\t<div class=\"elementor-widget-wrap elementor-element-populated\">\n\t\t\t\t\t\t<div class=\"elementor-element elementor-element-983aff1 elementor-widget elementor-widget-text-editor\" data-id=\"983aff1\" data-element_type=\"widget\" data-e-type=\"widget\" data-widget_type=\"text-editor.default\">\n\t\t\t\t<div class=\"elementor-widget-container\">\n\t\t\t\t\t\t\t\t\t<p>8477<\/p>\t\t\t\t\t\t\t\t<\/div>\n\t\t\t\t<\/div>\n\t\t\t\t<div class=\"elementor-element elementor-element-db5be1b elementor-widget elementor-widget-text-editor\" data-id=\"db5be1b\" data-element_type=\"widget\" data-e-type=\"widget\" data-widget_type=\"text-editor.default\">\n\t\t\t\t<div class=\"elementor-widget-container\">\n\t\t\t\t\t\t\t\t\t<p>aikuista vastuunkantajaa osallistui nuorten oikeuksien tukemiseen.<\/p>\t\t\t\t\t\t\t\t<\/div>\n\t\t\t\t<\/div>\n\t\t\t\t\t<\/div>\n\t\t<\/div>\n\t\t\t\t\t<\/div>\n\t\t<\/section>\n\t\t\t\t\t<\/div>\n\t\t<\/div>\n\t\t\t\t\t<\/div>\n\t\t<\/section>\n\t\t\t\t<section class=\"elementor-section elementor-top-section elementor-element elementor-element-c806562 elementor-section-boxed elementor-section-height-default elementor-section-height-default\" data-id=\"c806562\" data-element_type=\"section\" data-e-type=\"section\">\n\t\t\t\t\t\t<div class=\"elementor-container elementor-column-gap-default\">\n\t\t\t\t\t<div class=\"elementor-column elementor-col-100 elementor-top-column elementor-element elementor-element-2947abd\" data-id=\"2947abd\" data-element_type=\"column\" data-e-type=\"column\" data-settings=\"{&quot;background_background&quot;:&quot;classic&quot;}\">\n\t\t\t<div class=\"elementor-widget-wrap elementor-element-populated\">\n\t\t\t\t\t\t<section class=\"elementor-section elementor-inner-section elementor-element elementor-element-ea8a2a1 elementor-section-boxed elementor-section-height-default elementor-section-height-default\" data-id=\"ea8a2a1\" data-element_type=\"section\" data-e-type=\"section\">\n\t\t\t\t\t\t<div class=\"elementor-container elementor-column-gap-default\">\n\t\t\t\t\t<div class=\"elementor-column elementor-col-33 elementor-inner-column elementor-element elementor-element-ed81825\" data-id=\"ed81825\" data-element_type=\"column\" data-e-type=\"column\">\n\t\t\t<div class=\"elementor-widget-wrap elementor-element-populated\">\n\t\t\t\t\t\t<div class=\"elementor-element elementor-element-e9d723d elementor-widget elementor-widget-image\" data-id=\"e9d723d\" data-element_type=\"widget\" data-e-type=\"widget\" data-widget_type=\"image.default\">\n\t\t\t\t<div class=\"elementor-widget-container\">\n\t\t\t\t\t\t\t\t\t\t\t\t\t\t\t<img decoding=\"async\" width=\"378\" height=\"378\" src=\"https:\/\/www.taksvarkki.fi\/kampanja2021\/wp-content\/uploads\/sites\/14\/2021\/08\/Madalitso_Malawi.jpg\" class=\"attachment-large size-large wp-image-2443\" alt=\"Nuoren kasvokuva.\" srcset=\"https:\/\/www.taksvarkki.fi\/kampanja2021\/wp-content\/uploads\/sites\/14\/2021\/08\/Madalitso_Malawi.jpg 378w, https:\/\/www.taksvarkki.fi\/kampanja2021\/wp-content\/uploads\/sites\/14\/2021\/08\/Madalitso_Malawi-300x300.jpg 300w, https:\/\/www.taksvarkki.fi\/kampanja2021\/wp-content\/uploads\/sites\/14\/2021\/08\/Madalitso_Malawi-150x150.jpg 150w\" sizes=\"(max-width: 378px) 100vw, 378px\" \/>\t\t\t\t\t\t\t\t\t\t\t\t\t\t\t<\/div>\n\t\t\t\t<\/div>\n\t\t\t\t\t<\/div>\n\t\t<\/div>\n\t\t\t\t<div class=\"elementor-column elementor-col-66 elementor-inner-column elementor-element elementor-element-c5ce098\" data-id=\"c5ce098\" data-element_type=\"column\" data-e-type=\"column\">\n\t\t\t<div class=\"elementor-widget-wrap elementor-element-populated\">\n\t\t\t\t\t\t<div class=\"elementor-element elementor-element-f4bdc7b elementor-widget elementor-widget-text-editor\" data-id=\"f4bdc7b\" data-element_type=\"widget\" data-e-type=\"widget\" data-widget_type=\"text-editor.default\">\n\t\t\t\t<div class=\"elementor-widget-container\">\n\t\t\t\t\t\t\t\t\t<p>\u201dVammaisten nuorten osallistuminen t\u00e4ytyy ottaa vakavasti. Heid\u00e4n mielipiteit\u00e4\u00e4n ei saa ohittaa.\u201d<\/p><p><strong>Madalitso, 18, Malawi<\/strong><\/p>\t\t\t\t\t\t\t\t<\/div>\n\t\t\t\t<\/div>\n\t\t\t\t\t<\/div>\n\t\t<\/div>\n\t\t\t\t\t<\/div>\n\t\t<\/section>\n\t\t\t\t\t<\/div>\n\t\t<\/div>\n\t\t\t\t\t<\/div>\n\t\t<\/section>\n\t\t\t\t<\/div>\n\t\t","protected":false},"excerpt":{"rendered":"<p>Tietoa Taksv\u00e4rkkiker\u00e4yksest\u00e4 2021\u20132022 Jokaisella nuorella on oikeus osallistua ja vaikuttaa. Taksv\u00e4rkiss\u00e4 nuoret puuttuvat yhdess\u00e4 vammaisten kohtaamaan syrjint\u00e4\u00e4n.\u00a0 Taksv\u00e4rkki-kampanjalla haluamme tehd\u00e4 vammaisten syrjinn\u00e4n eli disabilismin n\u00e4kyv\u00e4ksi. Samalla n\u00e4yt\u00e4mme, kuinka jokainen voi toimia vammaisten kohtaamaa syrjint\u00e4\u00e4 vastaan.\u00a0 \u00a0 \u00a0 \u00a0 \u00a0 \u00a0 \u00a0 \u00a0 \u00a0 \u00a0 \u00a0 \u00a0 \u00a0 Mik\u00e4 sua est\u00e4\u00e4? -kampanja Mik\u00e4 sua est\u00e4\u00e4? -kampanjassa &#8230; <a title=\"Taksv\u00e4rkkiker\u00e4ys\" class=\"read-more\" href=\"https:\/\/www.taksvarkki.fi\/kampanja2021\/taksvarkkikerays\/\" aria-label=\"Lue lis\u00e4\u00e4 aiheesta Taksv\u00e4rkkiker\u00e4ys\">Lue lis\u00e4\u00e4<\/a><\/p>\n","protected":false},"author":18,"featured_media":0,"parent":0,"menu_order":0,"comment_status":"closed","ping_status":"closed","template":"","meta":{"footnotes":""},"class_list":["post-1807","page","type-page","status-publish"],"yoast_head":"<!-- This site is optimized with the Yoast SEO plugin v27.5 - https:\/\/yoast.com\/product\/yoast-seo-wordpress\/ -->\n<title>Taksv\u00e4rkkiker\u00e4ys Mik\u00e4 sua est\u00e4\u00e4? - Taksv\u00e4rkki 2021\u20132022 - Tule mukaan!<\/title>\n<meta name=\"description\" content=\"Puututaan yhdess\u00e4 vammaisten kohtaamaan syrjint\u00e4\u00e4n! Jokaisella nuorella on oikeus osallistua ja vaikuttaa. Taksv\u00e4rkki nuorelta nuorelle.\" \/>\n<meta name=\"robots\" content=\"index, follow, max-snippet:-1, max-image-preview:large, max-video-preview:-1\" \/>\n<link rel=\"canonical\" href=\"https:\/\/www.taksvarkki.fi\/kampanja2021\/taksvarkkikerays\/\" \/>\n<meta property=\"og:locale\" content=\"fi_FI\" \/>\n<meta property=\"og:type\" content=\"article\" \/>\n<meta property=\"og:title\" content=\"Taksv\u00e4rkkiker\u00e4ys Mik\u00e4 sua est\u00e4\u00e4? - Taksv\u00e4rkki 2021\u20132022 - Tule mukaan!\" \/>\n<meta property=\"og:description\" content=\"Puututaan yhdess\u00e4 vammaisten kohtaamaan syrjint\u00e4\u00e4n! Jokaisella nuorella on oikeus osallistua ja vaikuttaa. Taksv\u00e4rkki nuorelta nuorelle.\" \/>\n<meta property=\"og:url\" content=\"https:\/\/www.taksvarkki.fi\/kampanja2021\/taksvarkkikerays\/\" \/>\n<meta property=\"og:site_name\" content=\"Mik\u00e4 sua est\u00e4\u00e4?\" \/>\n<meta property=\"article:modified_time\" content=\"2021-09-03T07:19:19+00:00\" \/>\n<meta property=\"og:image\" content=\"https:\/\/www.taksvarkki.fi\/kampanja2021\/wp-content\/uploads\/sites\/14\/2021\/08\/Chifuniro_Malawi.jpg\" \/>\n\t<meta property=\"og:image:width\" content=\"315\" \/>\n\t<meta property=\"og:image:height\" content=\"315\" \/>\n\t<meta property=\"og:image:type\" content=\"image\/jpeg\" \/>\n<meta name=\"twitter:card\" content=\"summary_large_image\" \/>\n<meta name=\"twitter:image\" content=\"https:\/\/www.taksvarkki.fi\/kampanja2021\/wp-content\/uploads\/sites\/14\/2021\/08\/Chifuniro_Malawi.jpg\" \/>\n<meta name=\"twitter:label1\" content=\"Arvioitu lukuaika\" \/>\n\t<meta name=\"twitter:data1\" content=\"3 minuuttia\" \/>\n<script type=\"application\/ld+json\" class=\"yoast-schema-graph\">{\"@context\":\"https:\\\/\\\/schema.org\",\"@graph\":[{\"@type\":\"WebPage\",\"@id\":\"https:\\\/\\\/www.taksvarkki.fi\\\/kampanja2021\\\/taksvarkkikerays\\\/\",\"url\":\"https:\\\/\\\/www.taksvarkki.fi\\\/kampanja2021\\\/taksvarkkikerays\\\/\",\"name\":\"Taksv\u00e4rkkiker\u00e4ys Mik\u00e4 sua est\u00e4\u00e4? - Taksv\u00e4rkki 2021\u20132022 - Tule mukaan!\",\"isPartOf\":{\"@id\":\"https:\\\/\\\/www.taksvarkki.fi\\\/kampanja2021\\\/#website\"},\"primaryImageOfPage\":{\"@id\":\"https:\\\/\\\/www.taksvarkki.fi\\\/kampanja2021\\\/taksvarkkikerays\\\/#primaryimage\"},\"image\":{\"@id\":\"https:\\\/\\\/www.taksvarkki.fi\\\/kampanja2021\\\/taksvarkkikerays\\\/#primaryimage\"},\"thumbnailUrl\":\"https:\\\/\\\/www.taksvarkki.fi\\\/kampanja\\\/wp-content\\\/uploads\\\/sites\\\/14\\\/2020\\\/06\\\/img_halonen.jpg\",\"datePublished\":\"2020-04-18T05:22:40+00:00\",\"dateModified\":\"2021-09-03T07:19:19+00:00\",\"description\":\"Puututaan yhdess\u00e4 vammaisten kohtaamaan syrjint\u00e4\u00e4n! Jokaisella nuorella on oikeus osallistua ja vaikuttaa. Taksv\u00e4rkki nuorelta nuorelle.\",\"breadcrumb\":{\"@id\":\"https:\\\/\\\/www.taksvarkki.fi\\\/kampanja2021\\\/taksvarkkikerays\\\/#breadcrumb\"},\"inLanguage\":\"fi\",\"potentialAction\":[{\"@type\":\"ReadAction\",\"target\":[\"https:\\\/\\\/www.taksvarkki.fi\\\/kampanja2021\\\/taksvarkkikerays\\\/\"]}]},{\"@type\":\"ImageObject\",\"inLanguage\":\"fi\",\"@id\":\"https:\\\/\\\/www.taksvarkki.fi\\\/kampanja2021\\\/taksvarkkikerays\\\/#primaryimage\",\"url\":\"https:\\\/\\\/www.taksvarkki.fi\\\/kampanja\\\/wp-content\\\/uploads\\\/sites\\\/14\\\/2020\\\/06\\\/img_halonen.jpg\",\"contentUrl\":\"https:\\\/\\\/www.taksvarkki.fi\\\/kampanja\\\/wp-content\\\/uploads\\\/sites\\\/14\\\/2020\\\/06\\\/img_halonen.jpg\"},{\"@type\":\"BreadcrumbList\",\"@id\":\"https:\\\/\\\/www.taksvarkki.fi\\\/kampanja2021\\\/taksvarkkikerays\\\/#breadcrumb\",\"itemListElement\":[{\"@type\":\"ListItem\",\"position\":1,\"name\":\"Etusivu\",\"item\":\"https:\\\/\\\/www.taksvarkki.fi\\\/kampanja2021\\\/\"},{\"@type\":\"ListItem\",\"position\":2,\"name\":\"Taksv\u00e4rkkiker\u00e4ys\"}]},{\"@type\":\"WebSite\",\"@id\":\"https:\\\/\\\/www.taksvarkki.fi\\\/kampanja2021\\\/#website\",\"url\":\"https:\\\/\\\/www.taksvarkki.fi\\\/kampanja2021\\\/\",\"name\":\"Mik\u00e4 sua est\u00e4\u00e4?\",\"description\":\"Uusi Taksvarkki ry -sivusto\",\"potentialAction\":[{\"@type\":\"SearchAction\",\"target\":{\"@type\":\"EntryPoint\",\"urlTemplate\":\"https:\\\/\\\/www.taksvarkki.fi\\\/kampanja2021\\\/?s={search_term_string}\"},\"query-input\":{\"@type\":\"PropertyValueSpecification\",\"valueRequired\":true,\"valueName\":\"search_term_string\"}}],\"inLanguage\":\"fi\"}]}<\/script>\n<!-- \/ Yoast SEO plugin. -->","yoast_head_json":{"title":"Taksv\u00e4rkkiker\u00e4ys Mik\u00e4 sua est\u00e4\u00e4? - Taksv\u00e4rkki 2021\u20132022 - Tule mukaan!","description":"Puututaan yhdess\u00e4 vammaisten kohtaamaan syrjint\u00e4\u00e4n! Jokaisella nuorella on oikeus osallistua ja vaikuttaa. Taksv\u00e4rkki nuorelta nuorelle.","robots":{"index":"index","follow":"follow","max-snippet":"max-snippet:-1","max-image-preview":"max-image-preview:large","max-video-preview":"max-video-preview:-1"},"canonical":"https:\/\/www.taksvarkki.fi\/kampanja2021\/taksvarkkikerays\/","og_locale":"fi_FI","og_type":"article","og_title":"Taksv\u00e4rkkiker\u00e4ys Mik\u00e4 sua est\u00e4\u00e4? - Taksv\u00e4rkki 2021\u20132022 - Tule mukaan!","og_description":"Puututaan yhdess\u00e4 vammaisten kohtaamaan syrjint\u00e4\u00e4n! Jokaisella nuorella on oikeus osallistua ja vaikuttaa. Taksv\u00e4rkki nuorelta nuorelle.","og_url":"https:\/\/www.taksvarkki.fi\/kampanja2021\/taksvarkkikerays\/","og_site_name":"Mik\u00e4 sua est\u00e4\u00e4?","article_modified_time":"2021-09-03T07:19:19+00:00","og_image":[{"width":315,"height":315,"url":"https:\/\/www.taksvarkki.fi\/kampanja2021\/wp-content\/uploads\/sites\/14\/2021\/08\/Chifuniro_Malawi.jpg","type":"image\/jpeg"}],"twitter_card":"summary_large_image","twitter_image":"https:\/\/www.taksvarkki.fi\/kampanja2021\/wp-content\/uploads\/sites\/14\/2021\/08\/Chifuniro_Malawi.jpg","twitter_misc":{"Arvioitu lukuaika":"3 minuuttia"},"schema":{"@context":"https:\/\/schema.org","@graph":[{"@type":"WebPage","@id":"https:\/\/www.taksvarkki.fi\/kampanja2021\/taksvarkkikerays\/","url":"https:\/\/www.taksvarkki.fi\/kampanja2021\/taksvarkkikerays\/","name":"Taksv\u00e4rkkiker\u00e4ys Mik\u00e4 sua est\u00e4\u00e4? - Taksv\u00e4rkki 2021\u20132022 - Tule mukaan!","isPartOf":{"@id":"https:\/\/www.taksvarkki.fi\/kampanja2021\/#website"},"primaryImageOfPage":{"@id":"https:\/\/www.taksvarkki.fi\/kampanja2021\/taksvarkkikerays\/#primaryimage"},"image":{"@id":"https:\/\/www.taksvarkki.fi\/kampanja2021\/taksvarkkikerays\/#primaryimage"},"thumbnailUrl":"https:\/\/www.taksvarkki.fi\/kampanja\/wp-content\/uploads\/sites\/14\/2020\/06\/img_halonen.jpg","datePublished":"2020-04-18T05:22:40+00:00","dateModified":"2021-09-03T07:19:19+00:00","description":"Puututaan yhdess\u00e4 vammaisten kohtaamaan syrjint\u00e4\u00e4n! Jokaisella nuorella on oikeus osallistua ja vaikuttaa. Taksv\u00e4rkki nuorelta nuorelle.","breadcrumb":{"@id":"https:\/\/www.taksvarkki.fi\/kampanja2021\/taksvarkkikerays\/#breadcrumb"},"inLanguage":"fi","potentialAction":[{"@type":"ReadAction","target":["https:\/\/www.taksvarkki.fi\/kampanja2021\/taksvarkkikerays\/"]}]},{"@type":"ImageObject","inLanguage":"fi","@id":"https:\/\/www.taksvarkki.fi\/kampanja2021\/taksvarkkikerays\/#primaryimage","url":"https:\/\/www.taksvarkki.fi\/kampanja\/wp-content\/uploads\/sites\/14\/2020\/06\/img_halonen.jpg","contentUrl":"https:\/\/www.taksvarkki.fi\/kampanja\/wp-content\/uploads\/sites\/14\/2020\/06\/img_halonen.jpg"},{"@type":"BreadcrumbList","@id":"https:\/\/www.taksvarkki.fi\/kampanja2021\/taksvarkkikerays\/#breadcrumb","itemListElement":[{"@type":"ListItem","position":1,"name":"Etusivu","item":"https:\/\/www.taksvarkki.fi\/kampanja2021\/"},{"@type":"ListItem","position":2,"name":"Taksv\u00e4rkkiker\u00e4ys"}]},{"@type":"WebSite","@id":"https:\/\/www.taksvarkki.fi\/kampanja2021\/#website","url":"https:\/\/www.taksvarkki.fi\/kampanja2021\/","name":"Mik\u00e4 sua est\u00e4\u00e4?","description":"Uusi Taksvarkki ry -sivusto","potentialAction":[{"@type":"SearchAction","target":{"@type":"EntryPoint","urlTemplate":"https:\/\/www.taksvarkki.fi\/kampanja2021\/?s={search_term_string}"},"query-input":{"@type":"PropertyValueSpecification","valueRequired":true,"valueName":"search_term_string"}}],"inLanguage":"fi"}]}},"_links":{"self":[{"href":"https:\/\/www.taksvarkki.fi\/kampanja2021\/wp-json\/wp\/v2\/pages\/1807","targetHints":{"allow":["GET"]}}],"collection":[{"href":"https:\/\/www.taksvarkki.fi\/kampanja2021\/wp-json\/wp\/v2\/pages"}],"about":[{"href":"https:\/\/www.taksvarkki.fi\/kampanja2021\/wp-json\/wp\/v2\/types\/page"}],"author":[{"embeddable":true,"href":"https:\/\/www.taksvarkki.fi\/kampanja2021\/wp-json\/wp\/v2\/users\/18"}],"replies":[{"embeddable":true,"href":"https:\/\/www.taksvarkki.fi\/kampanja2021\/wp-json\/wp\/v2\/comments?post=1807"}],"version-history":[{"count":70,"href":"https:\/\/www.taksvarkki.fi\/kampanja2021\/wp-json\/wp\/v2\/pages\/1807\/revisions"}],"predecessor-version":[{"id":2727,"href":"https:\/\/www.taksvarkki.fi\/kampanja2021\/wp-json\/wp\/v2\/pages\/1807\/revisions\/2727"}],"wp:attachment":[{"href":"https:\/\/www.taksvarkki.fi\/kampanja2021\/wp-json\/wp\/v2\/media?parent=1807"}],"curies":[{"name":"wp","href":"https:\/\/api.w.org\/{rel}","templated":true}]}}